{"id":4021,"date":"2022-07-26T14:10:44","date_gmt":"2022-07-26T12:10:44","guid":{"rendered":"https:\/\/www.salvemsabadia.com\/estatutos-de-la-asociacion-salvem-sa-badia-de-portmany\/"},"modified":"2022-07-26T14:10:44","modified_gmt":"2022-07-26T12:10:44","slug":"estatutos-de-la-asociacion-salvem-sa-badia-de-portmany","status":"publish","type":"page","link":"https:\/\/www.salvemsabadia.com\/es\/estatutos-de-la-asociacion-salvem-sa-badia-de-portmany\/","title":{"rendered":"Estatutos de la asociaci\u00f3n Salvem Sa Badia de Portmany"},"content":{"rendered":"[vc_row type=\u00bbin_container\u00bb full_screen_row_position=\u00bbmiddle\u00bb column_margin=\u00bbdefault\u00bb scene_position=\u00bbcenter\u00bb text_color=\u00bbdark\u00bb text_align=\u00bbleft\u00bb top_padding=\u00bb40&#8243; overlay_strength=\u00bb0.3&#8243; shape_divider_position=\u00bbbottom\u00bb bg_image_animation=\u00bbnone\u00bb shape_type=\u00bb\u00bb][vc_column column_padding=\u00bbno-extra-padding\u00bb column_padding_position=\u00bball\u00bb background_color_opacity=\u00bb1&#8243; background_hover_color_opacity=\u00bb1&#8243; column_link_target=\u00bb_self\u00bb column_shadow=\u00bbnone\u00bb column_border_radius=\u00bbnone\u00bb width=\u00bb1\/1&#8243; tablet_width_inherit=\u00bbdefault\u00bb tablet_text_alignment=\u00bbdefault\u00bb phone_text_alignment=\u00bbdefault\u00bb overlay_strength=\u00bb0.3&#8243; column_border_width=\u00bbnone\u00bb column_border_style=\u00bbsolid\u00bb bg_image_animation=\u00bbnone\u00bb][vc_custom_heading source=\u00bbpost_title\u00bb font_container=\u00bbtag:h1|font_size:40|text_align:left|line_height:2&#8243; use_theme_fonts=\u00bbyes\u00bb][\/vc_column][\/vc_row][vc_row type=\u00bbin_container\u00bb full_screen_row_position=\u00bbmiddle\u00bb column_margin=\u00bbdefault\u00bb scene_position=\u00bbcenter\u00bb text_color=\u00bbdark\u00bb text_align=\u00bbleft\u00bb id=\u00bbmenuestatutos\u00bb overlay_strength=\u00bb0.3&#8243; shape_divider_position=\u00bbbottom\u00bb bg_image_animation=\u00bbnone\u00bb shape_type=\u00bb\u00bb][vc_column column_padding=\u00bbno-extra-padding\u00bb column_padding_position=\u00bball\u00bb background_color_opacity=\u00bb1&#8243; background_hover_color_opacity=\u00bb1&#8243; column_link_target=\u00bb_self\u00bb column_shadow=\u00bbnone\u00bb column_border_radius=\u00bbnone\u00bb width=\u00bb1\/1&#8243; tablet_width_inherit=\u00bbdefault\u00bb tablet_text_alignment=\u00bbdefault\u00bb phone_text_alignment=\u00bbdefault\u00bb overlay_strength=\u00bb0.3&#8243; column_border_width=\u00bbnone\u00bb column_border_style=\u00bbsolid\u00bb bg_image_animation=\u00bbnone\u00bb][page_submenu alignment=\u00bbleft\u00bb][page_link link_url=\u00bb#titulo1&#8243; title=\u00bbTITULO I &#8211; NORMAS GENERALES\u00bb id=\u00bb1658837308945-10&#8243; tab_id=\u00bb1658837308945-6&#8243;] [\/page_link][page_link link_url=\u00bb#titulo2&#8243; title=\u00bbTITULO II &#8211; DE LOS SOCIOS\u00bb id=\u00bb1658837308972-6&#8243; tab_id=\u00bb1658837308972-3&#8243;] [\/page_link][page_link title=\u00bbTITULO III &#8211; DE LOS ORGANOS DE GOBIERNO, ADMINISTRACION Y REPRESENTACION\u00bb id=\u00bb1658837308994-6&#8243; tab_id=\u00bb1658837308995-1&#8243; link_url=\u00bb#titulo3&#8243;][\/page_link][page_link title=\u00bbTITULO IV &#8211; DE LAS SECCIONES\u00bb id=\u00bb1658837309015-10&#8243; tab_id=\u00bb1658837309016-2&#8243; link_url=\u00bb#titulo4&#8243;][\/page_link][page_link title=\u00bbTITULO V &#8211; REGIMEN DOCUMENTAL\u00bb id=\u00bb1658837309032-6&#8243; tab_id=\u00bb1658837309032-6&#8243; link_url=\u00bb#titulo5&#8243;][\/page_link][page_link title=\u00bbTITULO VI &#8211; REGIMEN ECONOMICO Y FINANCIERO\u00bb id=\u00bb1658837309053-4&#8243; tab_id=\u00bb1658837309053-3&#8243; link_url=\u00bb#titulo6&#8243;][\/page_link][page_link title=\u00bbTITULO VII &#8211; REGIMEN DE RESPONSABILIDAD\u00bb id=\u00bb1658837309073-9&#8243; tab_id=\u00bb1658837309073-10&#8243; link_url=\u00bb#titulo7&#8243;][\/page_link][page_link title=\u00bbTITULO VIII &#8211; DE LOS RECURSOS\u00bb id=\u00bb1658837309088-10&#8243; tab_id=\u00bb1658837309088-2&#8243; link_url=\u00bb#titulo8&#8243;][\/page_link][page_link title=\u00bbTITULO IX &#8211; REGIMEN DISCIPLINARIO\u00bb id=\u00bb1658837309109-0&#8243; tab_id=\u00bb1658837309109-10&#8243; link_url=\u00bb#titulo9&#8243;][\/page_link][page_link title=\u00bbTITULO X &#8211; REGIMEN ELECTORAL\u00bb id=\u00bb1658837309124-9&#8243; tab_id=\u00bb1658837309124-2&#8243; link_url=\u00bb#titulo10&#8243;][\/page_link][page_link title=\u00bbTITULO XI &#8211; DE LA MOCION DE CENSURA\u00bb id=\u00bb1658837309143-6&#8243; tab_id=\u00bb1658837309144-3&#8243; link_url=\u00bb#titulo11&#8243;][\/page_link][page_link title=\u00bbTITULO XII &#8211; DISOLUCION Y LIQUIDACION DE LA ASOCIACI\u00d3N\u00bb id=\u00bb1658837309165-5&#8243; tab_id=\u00bb1658837309166-3&#8243; link_url=\u00bb#titulo12&#8243;][\/page_link][\/page_submenu][\/vc_column][\/vc_row][vc_row type=\u00bbin_container\u00bb full_screen_row_position=\u00bbmiddle\u00bb column_margin=\u00bbdefault\u00bb scene_position=\u00bbcenter\u00bb text_color=\u00bbdark\u00bb text_align=\u00bbleft\u00bb class=\u00bbbestatuto\u00bb id=\u00bbtitulo1&#8243; overlay_strength=\u00bb0.3&#8243; shape_divider_position=\u00bbbottom\u00bb bg_image_animation=\u00bbnone\u00bb shape_type=\u00bb\u00bb][vc_column column_padding=\u00bbno-extra-padding\u00bb column_padding_position=\u00bball\u00bb background_color_opacity=\u00bb1&#8243; background_hover_color_opacity=\u00bb1&#8243; column_link_target=\u00bb_self\u00bb column_shadow=\u00bbnone\u00bb column_border_radius=\u00bbnone\u00bb width=\u00bb1\/1&#8243; tablet_width_inherit=\u00bbdefault\u00bb tablet_text_alignment=\u00bbdefault\u00bb phone_text_alignment=\u00bbdefault\u00bb overlay_strength=\u00bb0.3&#8243; column_border_width=\u00bbnone\u00bb column_border_style=\u00bbsolid\u00bb bg_image_animation=\u00bbnone\u00bb][vc_column_text]\n<h2>TITULO I &#8211; NORMAS GENERALES<\/h2>\n<p><strong>ART. 1 DENOMINACION DE LA ASOCIACI\u00d3N Y NORMAS QUE REGULAN SU \u00a0FUNCIONAMIENTO \u00a0<\/strong><\/p>\n<p>Los miembros de la plataforma ciudadana \u201cSalvem Sa Badia\u201d firmantes del acta de\u00a0 constituci\u00f3n constituyen la asociaci\u00f3n sin \u00e1nimo de lucro que se denomina SALVEM SA\u00a0 BADIA DE PORTMANY y que tambi\u00e9n podr\u00e1 utilizar los anagramas que han venido\u00a0 identificando a la citada plataforma.<\/p>\n<p>La Asociaci\u00f3n tiene personalidad jur\u00eddica propia, as\u00ed como capacidad de obrar\u00a0 plena para administrar y disponer de sus bienes, y cumplir con sus fines sociales.<\/p>\n<p>SALVEM SA BADIA DE PORTMANY (en adelante, tambi\u00e9n La Asociaci\u00f3n y Salvem Sa\u00a0 Badia) se constituye al amparo de la Ley Org\u00e1nica 1\/2002 de 22 de marzo y se regir\u00e1 por\u00a0 esta Ley y sus normas de desarrollo, por los presentes estatutos y los reglamentos r\u00e9gimen interior que en adelante pueda aprobar la Asamblea, y por los acuerdos\u00a0 v\u00e1lidamente adoptados por la Asamblea y la Junta Directiva.<\/p>\n<p>La competencia relativa a la interpretaci\u00f3n de los Estatutos se atribuye a la Junta\u00a0 Directiva, a la Asamblea General y a las autoridades administrativas y jurisdiccionales\u00a0 competentes, con sujeci\u00f3n a la legislaci\u00f3n aplicable en cada momento.<\/p>\n<p><strong>ART. 2 FINES DE LA ASOCIACI\u00d3N\u00a0<\/strong><\/p>\n<p>Con car\u00e1cter general, SALVEM SA BADIA DE PORTMANY tiene como fin principal la\u00a0 preservaci\u00f3n medioambiental de la Bah\u00eda de Portmany, y m\u00e1s concretamente:<\/p>\n<p>1\u00ba) <strong>Identificar las amenazas medioambientales<\/strong> que afectan a la bah\u00eda y ponerlas en\u00a0 conocimiento de toda la sociedad.<\/p>\n<p>2\u00ba) <strong>Frenar el deterioro de la bah\u00eda<\/strong> e impulsar la progresiva recuperaci\u00f3n de su\u00a0 calidad medioambiental.<\/p>\n<p>3\u00ba) Poner en marcha un proceso de <strong>concienciaci\u00f3n social<\/strong> sobre la importancia de\u00a0 conservar y proteger la bah\u00eda, al ser un elemento clave para la econom\u00eda local y el\u00a0 equilibrio natural.<\/p>\n<p>4\u00ba) Incorporar a este fin a todas las instituciones, asociaciones, empresas,\u00a0 organizaciones ciudadanas y personas.<\/p>\n<p>5\u00ba) Generar <strong>alianzas con cient\u00edficos y expertos<\/strong> en distintos campos para generar un\u00a0 corpus de conocimiento sobre el estado actual y progresiva evoluci\u00f3n de la bah\u00eda, con la\u00a0 finalidad de impulsar estudios e investigaciones que determinen las estrategias de mejora.<\/p>\n<p>6\u00ba) <strong>Crear puntos de encuentro y nuevos cauces de comunicaci\u00f3n<\/strong> entre todas las\u00a0 instituciones con competencias en la bah\u00eda y su entorno.<\/p>\n<p>7\u00ba) Promover que la bah\u00eda se convierta en <strong>un espacio exclusivamente deportivo, \u00a0tur\u00edstico y pesquero<\/strong>. Un entorno seguro para ba\u00f1istas y deportistas n\u00e1uticos, libre de ferris y grandes buques, que conviva con la pesca artesanal y el actual servicio de\u00a0 excursiones mar\u00edtimas con golondrinas.<\/p>\n<p>8\u00ba) Impulsar iniciativas que permitan <strong>restaurar el patrimonio natural y renovar la \u00a0imagen de la bah\u00eda<\/strong>, y lograr que \u00e9sta vuelva a ser el principal reclamo tur\u00edstico del\u00a0 entorno.<\/p>\n<p>9\u00ba) Defender una bah\u00eda caracterizada por <strong>el equilibrio, la sostenibilidad y la \u00a0convivencia<\/strong>, donde tengan cabida residentes, turistas y empresas.<\/p>\n<p>10\u00ba) SALVEM SA BADIA DE PORTMANY persigue, en definitiva, <strong>garantizar el futuro \u00a0medioambiental de la bah\u00eda<\/strong> como un elemento imprescindible para el mantenimiento de\u00a0 la calidad de vida, el progreso social y econ\u00f3mico de toda su \u00e1rea de influencia, tanto para\u00a0 las generaciones actuales como futuras.<\/p>\n<p><strong>ART. 3 AMBITO TERRITORIAL\u00a0<\/strong><\/p>\n<p>El \u00e1mbito de actuaci\u00f3n de La Asociaci\u00f3n son principalmente los municipios de Sant\u00a0 Antoni de Portmany de de Sant Josep de Sa Talaia, a los que pertenecen las costas que son\u00a0 el litoral de la bah\u00eda.<\/p>\n<p>Podr\u00e1, adem\u00e1s, proyectar y desarrollar sus actividades en toda la Isla de Ibiza, en la\u00a0 Comunitat Autonoma de Les Illes Balears y en cualquier otro \u00e1mbito donde sea\u00a0 conveniente la divulgaci\u00f3n de sus fines.<\/p>\n<p><strong>ART. 4 DOMICILIO SOCIAL\u00a0<\/strong><\/p>\n<p>El domicilio social de SALVEM SA BADIA DE PORTMANY se fija inicialmente en\u00a0 Carrer Ample, n\u00ba 13, 1\u00ba de 07820 Sant Antoni de Portmany.<\/p>\n<p>La Asamblea General podr\u00e1 acordar el cambio de domicilio de la asociaci\u00f3n a\u00a0 cualquier otro lugar de los municipios que constituyen su principal \u00e1mbito de actuaci\u00f3n.<\/p>\n<p>Y la junta Directiva podr\u00e1 decidir la apertura y clausura de oficinas de\u00a0 representaci\u00f3n en esos municipios o en cualquier otro \u00e1mbito territorial.<\/p>\n<p><strong>ART. 5 DURACI\u00d3N\u00a0<\/strong><\/p>\n<p>La Asociaci\u00f3n se constituye con una duraci\u00f3n indefinida, pudiendo ser disuelta por\u00a0 las causas establecidas en los Estatutos o en la normativa que le resulte de aplicaci\u00f3n.[\/vc_column_text][\/vc_column][\/vc_row][vc_row type=\u00bbin_container\u00bb full_screen_row_position=\u00bbmiddle\u00bb column_margin=\u00bbdefault\u00bb scene_position=\u00bbcenter\u00bb text_color=\u00bbdark\u00bb text_align=\u00bbleft\u00bb class=\u00bbbestatuto\u00bb id=\u00bbtitulo2&#8243; overlay_strength=\u00bb0.3&#8243; shape_divider_position=\u00bbbottom\u00bb bg_image_animation=\u00bbnone\u00bb shape_type=\u00bb\u00bb][vc_column column_padding=\u00bbno-extra-padding\u00bb column_padding_position=\u00bball\u00bb background_color_opacity=\u00bb1&#8243; background_hover_color_opacity=\u00bb1&#8243; column_link_target=\u00bb_self\u00bb column_shadow=\u00bbnone\u00bb column_border_radius=\u00bbnone\u00bb width=\u00bb1\/1&#8243; tablet_width_inherit=\u00bbdefault\u00bb tablet_text_alignment=\u00bbdefault\u00bb phone_text_alignment=\u00bbdefault\u00bb overlay_strength=\u00bb0.3&#8243; column_border_width=\u00bbnone\u00bb column_border_style=\u00bbsolid\u00bb bg_image_animation=\u00bbnone\u00bb][vc_column_text]\n<h2>TITULO II &#8211; DE LOS SOCIOS<\/h2>\n<p><strong>ART.6 ADQUISICION DE LA CUALIDAD DE SOCIO<\/strong><\/p>\n<p>Podr\u00e1n pertenecer a la SALVEM SA BADIA DE PORTMANY como socios\u00a0 cualesquiera personas f\u00edsicas o entidades con personalidad jur\u00eddica que tengan inter\u00e9s en\u00a0 el desarrollo de los fines de la asociaci\u00f3n y de forma libre y voluntaria lo soliciten.<\/p>\n<p>La solicitud se formular\u00e1 mediante escrito dirigido a la Junta Directiva, indicando\u00a0 nombre, apellidos, DNI, NIE, Pasaporte, o Carta de Identidad y domicilio.<\/p>\n<p>Las solicitudes para la admisi\u00f3n de Socios Juveniles deber\u00e1n ser suscritas por quien\u00a0 ostente su Patria Potestad, Tutela o Curatela, y las solicitudes para la admisi\u00f3n de las\u00a0 entidades jur\u00eddicas deber\u00e1n ser suscritas por las personas f\u00edsicas que legalmente las\u00a0 representen.<\/p>\n<p>La Junta Directiva decidir\u00e1 sobre la procedencia o denegaci\u00f3n de la admisi\u00f3n. Las\u00a0 decisiones adoptadas se dar\u00e1n a conocer en la siguiente reuni\u00f3n de la Asamblea General\u00a0 para su ratificaci\u00f3n.<\/p>\n<p>No obstante, a las personas o entidades cuyas peticiones hayan sido admitidas por\u00a0 la Junta Directiva se les tendr\u00e1 como Socios a todos los efectos hasta el momento de la\u00a0 reuni\u00f3n de la Asamblea, que ser\u00e1 la que decida de forma definitiva si esa condici\u00f3n se\u00a0 mantiene<\/p>\n<p><strong>ART. 7 CLASES DE SOCIOS\u00a0<\/strong><\/p>\n<p>Los socios se clasificar\u00e1n en las siguientes modalidades:<\/p>\n<p>1.- SOCIOS DE HONOR Son las personas que, por acuerdo de la Asamblea General a\u00a0 propuesta de la Junta Directiva, hayan merecido tal distinci\u00f3n por su labor y apoyo a la\u00a0 Asociaci\u00f3n.<\/p>\n<p>La cualidad de socio de honor es compatible con la de socio de n\u00famero.<\/p>\n<p>2.- SOCIOS FUNDADORES Son los socios de n\u00famero que han participado en el acto\u00a0 de constituci\u00f3n de la asociaci\u00f3n.<\/p>\n<p>3.- SOCIOS DE NUMERO Son las personas mayores de edad o emancipadas y las\u00a0 entidades jur\u00eddicas que hayan sido admitidas como tales por la Junta Directiva y\u00a0 ratificadas por la Asamblea General.<\/p>\n<p>4.- SOCIOS JUVENILES Son las personas menores no emancipadas de m\u00e1s de\u00a0 catorce a\u00f1os, que tendr\u00e1n los mismos derechos de los socios de n\u00famero, salvo el de voto.<\/p>\n<p>Al cumplir la mayor\u00eda de edad, los socios juveniles se integrar\u00e1n autom\u00e1ticamente\u00a0 en el grupo de los socios de n\u00famero.<\/p>\n<p><strong>ART. 8 DERECHOS DE LOS SOCIOS\u00a0<\/strong><\/p>\n<p>1.- Se establece el principio de igualdad de todos los Socios, sin discriminaci\u00f3n\u00a0 alguna por raz\u00f3n de raza, nacionalidad, sexo, religi\u00f3n, ideolog\u00eda o por cualquier otra\u00a0 condici\u00f3n personal o social.<\/p>\n<p>2.- Los socios de n\u00famero gozar\u00e1n de los siguientes derechos:<\/p>\n<ol>\n<li>Participar activamente en la consecuci\u00f3n de los fines y actividades de la\u00a0 asociaci\u00f3n.<\/li>\n<li>Participar en las reuniones de la Asamblea General y en sus deliberaciones, y\u00a0 emitir o no su voto.<\/li>\n<li>Ser informado acerca de la composici\u00f3n de la Junta Directiva, y del estado de\u00a0 cuentas y desarrollo de la actividad de la asociaci\u00f3n, pudiendo examinar la documentaci\u00f3n\u00a0 de la misma previa petici\u00f3n a la Junta Directiva, que no podr\u00e1 ser denegada.<\/li>\n<li>Exigir el cumplimiento de los presentes Estatutos, reglamentos y disposiciones\u00a0 de \u00e1mbito estatal y auton\u00f3mico que regulen en cada momento las actividades de la\u00a0 asociaci\u00f3n.<\/li>\n<li>Participar como elector y candidato en las elecciones a Junta Directiva, siempre\u00a0 que sean mayores de edad, tengan plena capacidad de obrar, tengan la condici\u00f3n de\u00a0 socios de n\u00famero, no tengan suspendidos sus derechos de socio y est\u00e9n al corriente de\u00a0 sus obligaciones con la Asociaci\u00f3n.<\/li>\n<li>Recurrir los acuerdos de los \u00f3rganos de gobierno que estime contrarios a los\u00a0 fines de la asociaci\u00f3n, a los Estatutos o dem\u00e1s normas que le sean aplicables.<\/li>\n<li>Ser o\u00eddos en cualquier expediente disciplinario en los que sean imputados,\u00a0 pudiendo formular las alegaciones y recursos pertinentes.<\/li>\n<li>Separarse libremente de la asociaci\u00f3n.<\/li>\n<\/ol>\n<p>3.- Los socios de honor tendr\u00e1n los mismos derechos que los socios de n\u00famero.<\/p>\n<p>4.- Los socios Juveniles tendr\u00e1n los mismos derechos que los socios de n\u00famero,\u00a0 salvo el derecho de voto y el de ser candidato a los \u00f3rganos de representaci\u00f3n y gobierno\u00a0 de la asociaci\u00f3n.<\/p>\n<p><strong>ART.9 DEBERES DE LOS SOCIOS\u00a0<\/strong><\/p>\n<p>Son deberes u obligaciones de los socios:<\/p>\n<ol>\n<li>Contribuir al cumplimiento de los fines de la asociaci\u00f3n y velar por sus intereses\u00a0 y su buen nombre.<\/li>\n<li>Abonar puntualmente las cuotas sociales, tanto ordinarias como\u00a0 extraordinarias, aprobadas por la Asamblea General a propuesta de la Junta Directiva.<\/li>\n<li>Cumplir lo dispuesto en los Estatutos, reglamentos de r\u00e9gimen interior, y\u00a0 acuerdos de la Asamblea y de la Junta Directiva v\u00e1lidamente adoptados.<\/li>\n<li>Cumplir fielmente las obligaciones inherentes al cargo por el que hayan sido\u00a0 elegidos.<\/li>\n<\/ol>\n<p><strong>ART. 10 PERDIDA O SUSPENSION DE LA CONDICION DE SOCIO\u00a0<\/strong><\/p>\n<p>La condici\u00f3n de socio se pierde:<\/p>\n<p>1.- Por voluntad propia del interesado, expresada mediante escrito dirigido a la\u00a0 Junta Directiva.<\/p>\n<p>2.- Por sanci\u00f3n ratificada por la Asamblea, previa la instrucci\u00f3n y resoluci\u00f3n de\u00a0 expediente disciplinario; siguiendo el procedimiento sancionador regulado en los\u00a0 Estatutos.<\/p>\n<p>3.- Por fallecimiento.<\/p>\n<p>4 &#8211; Por disoluci\u00f3n de la entidad jur\u00eddica que haya adquirido la condici\u00f3n de socio. 4.- Por disoluci\u00f3n de la asociaci\u00f3n.<\/p>\n<p>La condici\u00f3n de socio se suspende por sanci\u00f3n disciplinaria ratificada por la\u00a0 Asamblea, previa la instrucci\u00f3n y resoluci\u00f3n de expediente disciplinario; siguiendo el\u00a0 procedimiento sancionador regulado en los Estatutos.[\/vc_column_text][\/vc_column][\/vc_row][vc_row type=\u00bbin_container\u00bb full_screen_row_position=\u00bbmiddle\u00bb column_margin=\u00bbdefault\u00bb scene_position=\u00bbcenter\u00bb text_color=\u00bbdark\u00bb text_align=\u00bbleft\u00bb class=\u00bbbestatuto\u00bb id=\u00bbtitulo3&#8243; overlay_strength=\u00bb0.3&#8243; shape_divider_position=\u00bbbottom\u00bb bg_image_animation=\u00bbnone\u00bb shape_type=\u00bb\u00bb][vc_column column_padding=\u00bbno-extra-padding\u00bb column_padding_position=\u00bball\u00bb background_color_opacity=\u00bb1&#8243; background_hover_color_opacity=\u00bb1&#8243; column_link_target=\u00bb_self\u00bb column_shadow=\u00bbnone\u00bb column_border_radius=\u00bbnone\u00bb width=\u00bb1\/1&#8243; tablet_width_inherit=\u00bbdefault\u00bb tablet_text_alignment=\u00bbdefault\u00bb phone_text_alignment=\u00bbdefault\u00bb overlay_strength=\u00bb0.3&#8243; column_border_width=\u00bbnone\u00bb column_border_style=\u00bbsolid\u00bb bg_image_animation=\u00bbnone\u00bb][vc_column_text]\n<h2>TITULO III &#8211; DE LOS ORGANOS DE GOBIERNO, ADMINISTRACION Y REPRESENTACION<\/h2>\n<p><strong>ART. 11 ORGANOS DE GOBIERNO Y REPRESENTACION\u00a0<\/strong><\/p>\n<p>El gobierno y la administraci\u00f3n de SALVEM SA BADIA DE PORTMANY ser\u00e1n\u00a0 ostentados, respectivamente, por la Asamblea General y por la Junta Directiva.<\/p>\n<p>La representaci\u00f3n de la asociaci\u00f3n ser\u00e1 ostentada por su Presidente, quien\u00a0 tambi\u00e9n lo ser\u00e1 de la Junta Directiva.<\/p>\n<h3>SECCION I &#8211; LA ASAMBLEA GENERAL<\/h3>\n<p><strong>ART. 12 NATURALEZA\u00a0<\/strong><\/p>\n<p>La Asamblea General es el \u00f3rgano supremo de gobierno de la asociaci\u00f3n y estar\u00e1\u00a0 integrada por todos los socios de n\u00famero que est\u00e9n al corriente de sus obligaciones con la\u00a0 misma.<\/p>\n<p>Los socios juveniles tendr\u00e1 derecho a ser o\u00eddos en la Asamblea, sin tener derecho a\u00a0 voto.<\/p>\n<p>La Asamblea General podr\u00e1 ser Ordinaria y Extraordinaria.<\/p>\n<p><strong>ART. 13 LA ASAMBLEA GENERAL ORDINARIA\u00a0<\/strong><\/p>\n<p>La Asamblea General se reunir\u00e1 con car\u00e1cter Ordinario al menos una vez al a\u00f1o,\u00a0 dentro de los cuatro meses siguientes al cierre del ejercicio anterior, para tratar sobre las\u00a0 siguientes cuestiones:<\/p>\n<p>1.- Aprobaci\u00f3n, si procede, de la memoria de actividades del ejercicio anterior.<\/p>\n<p>2.- Liquidaci\u00f3n del presupuesto del ejercicio anterior, balance econ\u00f3mico,\u00a0 inventario, rendici\u00f3n y aprobaci\u00f3n de cuentas.<\/p>\n<p>3.- Presupuesto del ejercicio siguiente.<\/p>\n<p>4.- Proyecto de actividades del ejercicio siguiente.<\/p>\n<p>5.- Establecimiento de cuotas y contribuciones econ\u00f3micas de los socios. 6.- Aprobaci\u00f3n de Reglamentos de R\u00e9gimen Interior.<\/p>\n<p>6.- La admisi\u00f3n de los socios.<\/p>\n<p>7.- La expulsi\u00f3n o sanci\u00f3n de los socios.<\/p>\n<p>8.- Propuestas formuladas por la Junta Directiva o por los socios, siempre que\u00a0 vengan respaldadas, al menos, por un 5% de \u00e9stos.<\/p>\n<p>9.- Cualquier otro asunto que no sea competencia de la Asamblea Extraordinaria.<\/p>\n<p>Las propuesta presentadas por los socios deber\u00e1n ser entregadas a la secretar\u00eda de la asociaci\u00f3n con un m\u00ednimo de cinco d\u00edas de antelaci\u00f3n al d\u00eda de la celebraci\u00f3n de la\u00a0 Asamblea.<\/p>\n<p><strong>ART. 14 LA ASAMBLEA GENERAL EXTRAORDINARIA\u00a0<\/strong><\/p>\n<p>Tendr\u00e1n la consideraci\u00f3n de Asambleas Generales Extraordinarias cualesquiera\u00a0 otras que se convoquen durante el Ejercicio.<\/p>\n<p>Ser\u00e1 precisa la aprobaci\u00f3n de la Asamblea General Extraordinaria para:<\/p>\n<p>1.- La modificaci\u00f3n de los Estatutos.<\/p>\n<p>2.- La elecci\u00f3n de la Junta Directiva.<\/p>\n<p>3.- Resolver mociones de censura presentadas contra la Junta Directiva. 4.- Tomar dinero a pr\u00e9stamo; siempre y cuando la responsabilidad asumida tenga\u00a0 un importe superior al del 50% del presupuesto vigente al suscribirse el pr\u00e9stamo. 5.- La enajenaci\u00f3n o el gravamen del patrimonio de la asociaci\u00f3n.<\/p>\n<p>6.- La adscripci\u00f3n a federaciones, confederaciones o uniones de asociaciones. 7.- La solicitud de declaraci\u00f3n de utilidad p\u00fablica.<\/p>\n<p>8.- La disoluci\u00f3n de la asociaci\u00f3n y su liquidaci\u00f3n.<\/p>\n<p><strong>ART. 15 CONVOCATORIAS\u00a0<\/strong><\/p>\n<p>La Asamblea General Ordinaria ser\u00e1 convocada por el Presidente, a iniciativa\u00a0 propia o a petici\u00f3n de la mayor\u00eda simple de los miembros de la Junta Directiva o de al\u00a0 menos el 10% de los Socios.<\/p>\n<p>La Asamblea General Extraordinaria ser\u00e1 convocada por el Presidente a iniciativa\u00a0 propia, a petici\u00f3n de la mayor\u00eda de los miembros de la Junta Directiva, o de cualquier\u00a0 colectivo de Socios que represente al menos el 15% del total de Socios.<\/p>\n<p>En caso de que, transcurrido un mes desde la fecha de la petici\u00f3n, el Presidente no\u00a0 haya convocado la Asamblea, la convocatoria podr\u00e1 ser realizada por la mayor\u00eda simple de\u00a0 los miembros de la Junta Directiva o por cualquier colectivo de socios que represente al\u00a0 menos el porcentaje del total de socios que en cada caso se exige.<\/p>\n<p>La convocatoria ser\u00e1 notificada a cada socio en su domicilio, pudiendo usarse a tal\u00a0 efecto la direcci\u00f3n de correo electr\u00f3nico. Tambi\u00e9n podr\u00e1 ser publicada en uno de los\u00a0 peri\u00f3dicos de mayor difusi\u00f3n en la isla de Ibiza y en la p\u00e1gina web de la Asociaci\u00f3n.<\/p>\n<p>La convocatoria se efectuar\u00e1 con un m\u00ednimo de 15 d\u00edas de antelaci\u00f3n a la fecha\u00a0 prevista para su celebraci\u00f3n.<\/p>\n<p>En el anuncio se expresar\u00e1n la fecha, hora y lugar de la reuni\u00f3n, Orden del D\u00eda y,\u00a0 en su caso, se informar\u00e1 a los socios de que estar\u00e1 a su disposici\u00f3n la documentaci\u00f3n e\u00a0 informaci\u00f3n relativa a los puntos objeto de estudio, debate y votaci\u00f3n, para que puedan\u00a0 consultarla.<\/p>\n<p>La Asamblea General Ordinaria o Extraordinaria quedar\u00e1 v\u00e1lidamente constituida\u00a0 en primera convocatoria cuando concurran al menos un tercio de los socios con derecho a\u00a0 voto y, en segunda convocatoria, cualquiera que sea el n\u00famero de socios asistentes.<\/p>\n<p>Entre la primera y la segunda convocatoria deber\u00e1 mediar un tiempo m\u00ednimo de\u00a0 una hora.<\/p>\n<p><strong>ART. 16 DESARROLLO DE LA SESION. FORMALIZACION DEL ACTA\u00a0<\/strong><\/p>\n<p>Las sesiones de la Asamblea General Ordinaria y Extraordinaria ser\u00e1n presididas\u00a0 por un presidente y en las mismas actuar\u00e1 un secretario para levantar el acta; siendo\u00a0 ambos elegidos al inicio de la sesi\u00f3n de entre los socios asistentes.<\/p>\n<p>El presidente y secretario de la Asamblea no podr\u00e1n ser las personas que ocupen\u00a0 esos mismos cargos en la Junta Directiva, en aquellas asambleas convocadas para la\u00a0 elecci\u00f3n de la Junta Directiva o para decidir sobre una moci\u00f3n de censura presentada\u00a0 contra la misma.<\/p>\n<p>El secretario levantar\u00e1 Acta de cada sesi\u00f3n, en la que har\u00e1 constar los asistentes y\u00a0 representados, el enunciado de las cuestiones tratadas, el acuerdo reca\u00eddo sobre cada una\u00a0 de ellas y las intervenciones cuya constancia en acta se hubiera solicitado.<\/p>\n<p>El Acta ser\u00e1 firmada por el Secretario con el visto bueno del Presidente.<\/p>\n<p>Y si contiene acuerdos susceptibles de inscripci\u00f3n, ser\u00e1 remitida al Registro de\u00a0 Asociaciones de las Illes Balears.<\/p>\n<p><strong>ART. 17 VOTACION. ADOPCION DE ACUERDOS\u00a0<\/strong><\/p>\n<p>Los acuerdos de la Asamblea General se adoptar\u00e1n por mayor\u00eda simple de las\u00a0 personas presentes o representadas, cuando los votos afirmativos superen a los\u00a0 negativos.<\/p>\n<p>Ello no obstante, los acuerdos relativos a los asuntos que se relacionan a\u00a0 continuaci\u00f3n requerir\u00e1n la mayor\u00eda cualificada, que resultar\u00e1 cuando los votos afirmativos\u00a0 superen la mitad de las personas asistentes o representadas.<\/p>\n<p>1.- Modificaci\u00f3n, reforma o derogaci\u00f3n de los Estatutos.<\/p>\n<p>2.- Aprobaci\u00f3n de la moci\u00f3n de censura presentada contra la Junta Directiva.<\/p>\n<p>3.- Enajenaci\u00f3n y gravamen del patrimonio de la asociaci\u00f3n.<\/p>\n<p>4.- Tomar dinero a pr\u00e9stamo, siempre y cuando la responsabilidad asumida tenga\u00a0 un importe superior al del 50% del presupuesto vigente al suscribirse el pr\u00e9stamo.<\/p>\n<p>5.- Acordar la adscripci\u00f3n a federaciones, confederaciones o uniones de\u00a0 asociaciones.<\/p>\n<p>6.- Acordar la solicitud de declaraci\u00f3n de utilidad p\u00fablica.<\/p>\n<p>7.- Acordar la disoluci\u00f3n de la asociaci\u00f3n y su liquidaci\u00f3n.<\/p>\n<p><strong>ART. 18 DELEGACION DE VOTO\u00a0<\/strong><\/p>\n<p>Queda expresamente admitida la delegaci\u00f3n de voto en la Asamblea, que el socio\u00a0 representado deber\u00e1 firmar y entregar a la secretar\u00eda para cada convocatoria, incluyendo\u00a0 en la autorizaci\u00f3n el orden del d\u00eda propuesto para la misma.<\/p>\n<h3>SECCION II &#8211; LA JUNTA DIRECTIVA<\/h3>\n<p><strong>ART. 19 CONSTITUCION Y ADOPCI\u00d3N DE ACUERDOS\u00a0<\/strong><\/p>\n<p>La Junta Directiva es el Organo de gesti\u00f3n ordinaria de la asociaci\u00f3n y sus\u00a0 miembros ser\u00e1n elegidos por todos los socios con derecho a voto, mediante sufragio\u00a0 personal, libre, directo y secreto. Si la asociaci\u00f3n legara a contar con m\u00e1s de 2.000 socios\u00a0 con derecho a voto, la elecci\u00f3n se podr\u00eda realizar mediante compromisarios y con el\u00a0 procedimiento que previamente deber\u00eda ser aprobado por la Asamblea.<\/p>\n<p>La Junta Directiva estar\u00e1 integrada por un n\u00famero de miembros no inferior a\u00a0 cinco ni superior a nueve. Entre ellos habr\u00e1, como m\u00ednimo, un Presidente, un\u00a0 Vicepresidente, un Secretario, un Tesorero y un vocal delegado para cada comisi\u00f3n de\u00a0 trabajo que la propia Junta decida crear.<\/p>\n<p>El Presidente y los miembros de la Junta Directiva ser\u00e1n elegidos para un periodo\u00a0 de cuatro a\u00f1os, pudiendo ser reelegidos para sucesivos mandatos. En cualquier caso,\u00a0 continuar\u00e1n en funciones hasta la toma de posesi\u00f3n de sus sucesores.<\/p>\n<p>Los acuerdos de la Junta se adoptar\u00e1n por mayor\u00eda simple de los directivos\u00a0 presentes, cuando los votos afirmativos superen a los negativos. En caso de empate el\u00a0 voto del Presidente tendr\u00e1 car\u00e1cter dirimente.<\/p>\n<p><strong>ART. 20 ATRIBUCIONES\u00a0<\/strong><\/p>\n<p>La Junta Directiva tiene encomendadas las funciones relativas a la gesti\u00f3n\u00a0 administrativa y econ\u00f3mica de los asuntos del la asociaci\u00f3n, que deber\u00e1 desarrollar de\u00a0 acuerdo a las directrices emanadas de la Asamblea General.<\/p>\n<p>En todo caso, corresponden a la Junta Directiva las atribuciones siguientes:<\/p>\n<ol>\n<li>Organizar, dirigir y desarrollar las actividades sociales aprobadas por la Asamblea\u00a0 General, y llevar la gesti\u00f3n econ\u00f3mica y administrativa de la asociaci\u00f3n, acordando\u00a0 realizar los oportunos contratos y actos.<\/li>\n<li>Ejecutar los acuerdos de la Asamblea General.<\/li>\n<li>Elaborar y someter a la aprobaci\u00f3n de la Asamblea General las memorias de\u00a0 actividades y los balances y cuentas anuales.<\/li>\n<li>Cumplir y hacer cumplir los estatutos, los reglamentos de r\u00e9gimen interior que en\u00a0 adelante pueda aprobar la Asamblea, los acuerdos v\u00e1lidamente adoptados por la\u00a0 Asamblea y la Junta Directiva y, en general, la normativa que regule el\u00a0 funcionamiento de la asociaci\u00f3n.<\/li>\n<li>Establecer las condiciones y normas de admisi\u00f3n de nuevos Socios, y proponer a la\u00a0 Asamblea General las cuotas de ingreso que se hayan de satisfacer.<\/li>\n<li>Redactar los reglamentos de r\u00e9gimen interior y proponer su aprobaci\u00f3n a la\u00a0 Asamblea General.<\/li>\n<li>Nombrar Delegados o comisiones para encargarse de alguna determinada\u00a0 actividad de la Asociaci\u00f3n.<\/li>\n<li>Firmar acuerdos y convenios en beneficio de la asociaci\u00f3n.<\/li>\n<li>Tomar los acuerdos que sean necesarios para la comparecencia ante los\u00a0 organismos p\u00fablicos y tribunales para el ejercicio de toda clase de acciones legales\u00a0 y\/o para interponer los recursos pertinentes que tengan como objetivo la defensa\u00a0 de los intereses de la asociaci\u00f3n.<\/li>\n<li>Aceptar a favor de la asociaci\u00f3n legados, herencias y donaciones, y realizar todo\u00a0 tipo de negocios jur\u00eddicos con terceros que conlleven atribuciones patrimoniales o\u00a0 de derechos en favor de la asociaci\u00f3n.\u00a0 k) Contratar y cesar a los empleados que pueda tener la asociaci\u00f3n.<\/li>\n<li>Proponer a la Asamblea General el establecimiento de cuotas, ordinarias y\/o\u00a0 extraordinarias, que los miembros de la asociaci\u00f3n tengan que satisfacer.<\/li>\n<li>Someter a la Asamblea la ratificaci\u00f3n de las admisiones de socios.<\/li>\n<li>Instruir los expedientes disciplinarios y someter a la Asamblea su resoluci\u00f3n.<\/li>\n<li>Tomar dinero a pr\u00e9stamo, siempre y cuando la responsabilidad asumida tenga un\u00a0 importe no superior al del 50% del presupuesto vigente al suscribirse el pr\u00e9stamo.<\/li>\n<li>Cualesquiera otras facultades que exijan las funciones ejecutivas, directivas,\u00a0 administrativas y de gesti\u00f3n que por su naturaleza le son propias, a excepci\u00f3n de\u00a0 las que de forma expresa est\u00e9n reservadas a la Asamblea General.<\/li>\n<\/ol>\n<p><strong>ART. 21 CONVOCATORIA Y QUORUM<\/strong><\/p>\n<p>La Junta Directiva ser\u00e1 convocada por su Presidente, y en su defecto por el\u00a0 Vicepresidente, con dos d\u00edas de antelaci\u00f3n, como m\u00ednimo, a la fecha de su celebraci\u00f3n.\u00a0 Tambi\u00e9n podr\u00e1 ser convocada a petici\u00f3n de tres o m\u00e1s de sus miembros.<\/p>\n<p>A la convocatoria se acompa\u00f1ar\u00e1 el Orden del D\u00eda donde figuren los asuntos a\u00a0 tratar, as\u00ed como la documentaci\u00f3n relativa a los mismos.<\/p>\n<p>Por acuerdo un\u00e1nime de los miembros de la Junta Directiva se podr\u00e1n incluir\u00a0 nuevos puntos en el Orden del D\u00eda.<\/p>\n<p>La Junta Directiva quedar\u00e1 v\u00e1lidamente constituida en primera convocatoria\u00a0 cuando concurran a ella la mayor\u00eda de sus miembros. En segunda convocatoria, ser\u00e1\u00a0 suficiente la concurrencia de, al menos, tres de su miembros entre los que deber\u00e1 estar\u00a0 presente el Presidente o el Vicepresidente.<\/p>\n<p>Tambi\u00e9n quedar\u00e1 v\u00e1lidamente constituida la Junta Directiva cuando est\u00e9n\u00a0 presentes todos sus miembros, aunque no haya tenido lugar la previa convocatoria.<\/p>\n<p><strong>ART. 22 DESARROLLO DE LAS SESIONES Y ACTA\u00a0<\/strong><\/p>\n<p>Las sesiones de la Junta ser\u00e1n presididas por el Presidente y, en su ausencia, por el\u00a0 Vicepresidente.<\/p>\n<p>El Secretario levantar\u00e1 acta de cada sesi\u00f3n, en la que har\u00e1 constar, luego de la lista\u00a0 de asistentes, el enunciado de las cuestiones tratadas, el acuerdo reca\u00eddo sobre cada una\u00a0 de ellas y las intervenciones cuya constancia en acta se hubiera solicitado.<\/p>\n<p>Corresponde a la Junta Directiva, en cada sesi\u00f3n, la aprobaci\u00f3n del Acta de la\u00a0 sesi\u00f3n anterior.<\/p>\n<p><strong>ART. 23 GRATUIDAD DE LOS CARGOS\u00a0<\/strong><\/p>\n<p>Todos los cargos de la Junta directiva son gratuitos.<\/p>\n<p><strong>ART. 24 DEL PRESIDENTE\u00a0<\/strong><\/p>\n<p>El Presidente ostenta la representaci\u00f3n legal de la asociaci\u00f3n y preside la Junta\u00a0 Directiva; en cuyas sesiones dispondr\u00e1 de voto de calidad en los supuestos de empate.<\/p>\n<p><strong>ART. 25 DEL VICEPRESIDENTE\u00a0<\/strong><\/p>\n<p>El Vicepresidente asumir\u00e1 las funciones que el Presidente le encomiende y suplir\u00e1\u00a0 a \u00e9ste en su ausencia, asumiendo sus mismas funciones y responsabilidades.<\/p>\n<p><strong>ART. 26 DEL SECRETARIO\u00a0<\/strong><\/p>\n<p>El Secretario es el responsable directo de la administraci\u00f3n de la asociaci\u00f3n y le\u00a0 competen las siguientes funciones:<\/p>\n<p>1.- La ejecuci\u00f3n, bajo la direcci\u00f3n del Presidente, de los acuerdos y directrices\u00a0 aprobadas por la Junta Directiva y por la Asamblea General, de cuyas reuniones levantar\u00e1\u00a0 Acta, firm\u00e1ndola con el visto bueno del Presidente.<\/p>\n<p>2.- La direcci\u00f3n de todos los servicios de la asociaci\u00f3n y la jefatura delegada de su\u00a0 personal.<\/p>\n<p>3.- La custodia de los libros y documentaci\u00f3n de la asociaci\u00f3n y la realizaci\u00f3n del\u00a0 inventario.<\/p>\n<p><strong>ART. 27 DEL TESORERO\u00a0<\/strong><\/p>\n<p>El Tesorero deber\u00e1 llevar en orden y al d\u00eda los libros de contabilidad.<\/p>\n<p>Deber\u00e1 asimismo formalizar en el primer mes de cada a\u00f1o un balance de situaci\u00f3n\u00a0 y las cuentas de ingresos y gastos.<\/p>\n<p>Como depositario de la asociaci\u00f3n, autorizar\u00e1 con su firma, conjuntamente con la\u00a0 del Presidente o la de otro u otros miembros de la Junta Directiva, todos los pagos que se\u00a0 realicen.<\/p>\n<p>La Junta Directiva podr\u00e1 autorizar que la disponibilidad de fondos sea efectuada\u00a0 por otros miembros de la propia Junta, aunque siempre de forma mancomunada.<\/p>\n<p>El cargo de Tesorero podr\u00e1 ser asumido por cualquier otro miembro de la Junta Directiva,\u00a0 quien compaginar\u00e1 estas funciones con las de su otro cargo.<\/p>\n<p><strong>ART. 28 DE LOS VOCALES\u00a0<\/strong><\/p>\n<p>Los vocales tendr\u00e1n voz y voto en las reuniones de la Junta Directiva y\u00a0 desempe\u00f1ar\u00e1n las funciones que \u00e9sta determine.<\/p>\n<p><strong>ART. 29 CESE DE LA JUNTA DIRECTIVA Y CESE Y SUSTITUCION DE SUS MIEMBROS<\/strong><\/p>\n<p>La Junta Directiva cesar\u00e1 por alguna de las siguientes causas:<\/p>\n<p>1.- Por dimisi\u00f3n, fallecimiento o incapacidad del Presidente o de m\u00e1s de la mitad\u00a0 de sus miembros.<\/p>\n<p>2.- Por aprobaci\u00f3n de una moci\u00f3n de censura.<\/p>\n<p>3.- Por expiraci\u00f3n del mandato.<\/p>\n<p>Los miembros de la Junta Directiva cesar\u00e1n individualmente por alguna de las\u00a0 siguientes causas:<\/p>\n<p>1.- Por dimisi\u00f3n, fallecimiento o incapacidad.<\/p>\n<p>2.- Por decisi\u00f3n del Presidente.<\/p>\n<p>En el supuesto de cese de uno o m\u00e1s directivos que no afecte a m\u00e1s de la mitad de\u00a0 los miembros de la Junta, el Presidente podr\u00e1 nombrar sustitutos, que habr\u00e1n de ser\u00a0 ratificados por la siguiente Asamblea General que se celebre.[\/vc_column_text][\/vc_column][\/vc_row][vc_row type=\u00bbin_container\u00bb full_screen_row_position=\u00bbmiddle\u00bb column_margin=\u00bbdefault\u00bb scene_position=\u00bbcenter\u00bb text_color=\u00bbdark\u00bb text_align=\u00bbleft\u00bb class=\u00bbbestatuto\u00bb id=\u00bbtitulo4&#8243; overlay_strength=\u00bb0.3&#8243; shape_divider_position=\u00bbbottom\u00bb bg_image_animation=\u00bbnone\u00bb shape_type=\u00bb\u00bb][vc_column column_padding=\u00bbno-extra-padding\u00bb column_padding_position=\u00bball\u00bb background_color_opacity=\u00bb1&#8243; background_hover_color_opacity=\u00bb1&#8243; column_link_target=\u00bb_self\u00bb column_shadow=\u00bbnone\u00bb column_border_radius=\u00bbnone\u00bb width=\u00bb1\/1&#8243; tablet_width_inherit=\u00bbdefault\u00bb tablet_text_alignment=\u00bbdefault\u00bb phone_text_alignment=\u00bbdefault\u00bb overlay_strength=\u00bb0.3&#8243; column_border_width=\u00bbnone\u00bb column_border_style=\u00bbsolid\u00bb bg_image_animation=\u00bbnone\u00bb][vc_column_text]\n<h2>TITULO IV &#8211; DE LAS SECCIONES<\/h2>\n<p><strong>ART. 30 NATURALEZA Y OBJETO\u00a0<\/strong><\/p>\n<p>Para un mejor desarrollo de sus objetivos, la Junta Directiva podr\u00e1 proponer la\u00a0 creaci\u00f3n de las Secciones que estime oportunas para actividades espec\u00edficas.<\/p>\n<p>Su funcionamiento ser\u00e1 regulado por los reglamentos redactados para cada\u00a0 Secci\u00f3n y por las \u00f3rdenes y criterios de la Junta Directiva.<\/p>\n<p>Tambi\u00e9n podr\u00e1 crearse una Secci\u00f3n a propuesta de, al menos, el 5% por ciento de\u00a0 los socios de n\u00famero, quienes presentar\u00e1n un plan de actividades a desarrollar.<\/p>\n<p>Si la Junta Directiva considera que las actividades de las Secciones se integran en\u00a0 los fines de la asociaci\u00f3n y se ajustan a sus Estatutos, propondr\u00e1 su constituci\u00f3n a la\u00a0 pr\u00f3xima Asamblea General.<\/p>\n<p><strong>ART. 31 ORGANIZACION Y FUNCIONAMIENTO\u00a0<\/strong><\/p>\n<p>La Junta Directiva proceder\u00e1 al nombramiento de un representante en cada una de\u00a0 las Secciones constituidas. Dicho Delegado deber\u00e1 ser necesariamente un miembro de la\u00a0 Junta Directiva.<\/p>\n<p>La Junta Directiva podr\u00e1 proponer la disoluci\u00f3n de una Secci\u00f3n, cuando las\u00a0 actividades que en la misma se desarrollen se aparten del Plan presentado para su\u00a0 creaci\u00f3n.<\/p>\n<p><strong>ART. 32 REGIMEN ECONOMICO\u00a0<\/strong><\/p>\n<p>Los ingresos de las diversas Secciones consistir\u00e1n en:<\/p>\n<p>1.- Las subvenciones ordinarias y extraordinarias que la asociaci\u00f3n les desine.<\/p>\n<p>2.- Las aportaciones de entidades, empresas o particulares que deseen\u00a0 favorecerlas. En este caso, ser\u00e1 necesario obtener la previa autorizaci\u00f3n de la Junta\u00a0 Directiva.<\/p>\n<p><strong>ART. 33 MEMORIA DE ACTIVIDADES\u00a0<\/strong><\/p>\n<p>Dentro del primer mes de cada a\u00f1o, las Secciones deber\u00e1n confeccionar una\u00a0 Memoria de las actividades realizadas, la liquidaci\u00f3n de las cuentas anuales, as\u00ed como\u00a0 tambi\u00e9n el presupuesto correspondiente al Ejercicio siguiente, que presentar\u00e1 a la Junta\u00a0 Directiva para su aprobaci\u00f3n e inclusi\u00f3n en la rendici\u00f3n de cuentas y propuesta de\u00a0 presupuesto que debe presentarse a la Asamblea General.[\/vc_column_text][\/vc_column][\/vc_row][vc_row type=\u00bbin_container\u00bb full_screen_row_position=\u00bbmiddle\u00bb column_margin=\u00bbdefault\u00bb scene_position=\u00bbcenter\u00bb text_color=\u00bbdark\u00bb text_align=\u00bbleft\u00bb class=\u00bbbestatuto\u00bb id=\u00bbtitulo5&#8243; overlay_strength=\u00bb0.3&#8243; shape_divider_position=\u00bbbottom\u00bb bg_image_animation=\u00bbnone\u00bb shape_type=\u00bb\u00bb][vc_column column_padding=\u00bbno-extra-padding\u00bb column_padding_position=\u00bball\u00bb background_color_opacity=\u00bb1&#8243; background_hover_color_opacity=\u00bb1&#8243; column_link_target=\u00bb_self\u00bb column_shadow=\u00bbnone\u00bb column_border_radius=\u00bbnone\u00bb width=\u00bb1\/1&#8243; tablet_width_inherit=\u00bbdefault\u00bb tablet_text_alignment=\u00bbdefault\u00bb phone_text_alignment=\u00bbdefault\u00bb overlay_strength=\u00bb0.3&#8243; column_border_width=\u00bbnone\u00bb column_border_style=\u00bbsolid\u00bb bg_image_animation=\u00bbnone\u00bb][vc_column_text]\n<h2>TITULO V &#8211; REGIMEN DOCUMENTAL<\/h2>\n<p><strong>ART. 34 DE LOS LIBROS\u00a0<\/strong><\/p>\n<p>El r\u00e9gimen documental de SALVEM SA BADIA DE PORTMANY constar\u00e1 de un libro\u00a0 de asociados, un libro de actas y de los libros contables que sean preceptivos.<\/p>\n<p>En el Libro de Registro de Asociados deber\u00e1n inscribirse el nombre y apellidos de\u00a0 los socios, NIF, NIE, n\u00famero de Permiso de residencia o Pasaporte; en el caso de personas\u00a0 jur\u00eddicas la certificaci\u00f3n del acuerdo v\u00e1lidamente adoptado por el \u00f3rgano competente que\u00a0 exprese su voluntad de formar parte de la asociaci\u00f3n y datos de la persona que les\u00a0 represente, el domicilio, email y tel\u00e9fono de cada asociado.<\/p>\n<p>Tambi\u00e9n se anotar\u00e1 en el registro o ficha de cada asociado su aceptaci\u00f3n o\u00a0 negativa a facilitar su nombre, domicilio postal y direcci\u00f3n de email a las candidaturas a\u00a0 Junta Directiva, para el recibo de documentaci\u00f3n electoral.<\/p>\n<p>En el Libro de Actas se consignar\u00e1n las reuniones que celebren la Asamblea\u00a0 General y la Junta Directiva, con expresi\u00f3n de fecha, asistentes, asuntos tratados y\u00a0 acuerdos adoptados. Las Actas ser\u00e1n firmadas por el Secretario con el visto bueno del\u00a0 Presidente.<\/p>\n<p>En los Libros de Contabilidad figurar\u00e1n tanto el patrimonio como los derechos u\u00a0 obligaciones e ingresos y gastos de la asociaci\u00f3n; as\u00ed como el inventario de sus bienes.[\/vc_column_text][\/vc_column][\/vc_row][vc_row type=\u00bbin_container\u00bb full_screen_row_position=\u00bbmiddle\u00bb column_margin=\u00bbdefault\u00bb scene_position=\u00bbcenter\u00bb text_color=\u00bbdark\u00bb text_align=\u00bbleft\u00bb class=\u00bbbestatuto\u00bb id=\u00bbtitulo6&#8243; overlay_strength=\u00bb0.3&#8243; shape_divider_position=\u00bbbottom\u00bb bg_image_animation=\u00bbnone\u00bb shape_type=\u00bb\u00bb][vc_column column_padding=\u00bbno-extra-padding\u00bb column_padding_position=\u00bball\u00bb background_color_opacity=\u00bb1&#8243; background_hover_color_opacity=\u00bb1&#8243; column_link_target=\u00bb_self\u00bb column_shadow=\u00bbnone\u00bb column_border_radius=\u00bbnone\u00bb width=\u00bb1\/1&#8243; tablet_width_inherit=\u00bbdefault\u00bb tablet_text_alignment=\u00bbdefault\u00bb phone_text_alignment=\u00bbdefault\u00bb overlay_strength=\u00bb0.3&#8243; column_border_width=\u00bbnone\u00bb column_border_style=\u00bbsolid\u00bb bg_image_animation=\u00bbnone\u00bb][vc_column_text]\n<h2>TITULO VI &#8211; REGIMEN ECONOMICO Y FINANCIERO<\/h2>\n<p><strong>ART. 35 PATRIMONIO\u00a0<\/strong><\/p>\n<p>Los bienes y derechos que sean transmitidos a la asociaci\u00f3n por cualquier t\u00edtulo\u00a0 integrar\u00e1n un patrimonio propio, que ser\u00e1 de su exclusiva propiedad. En el momento de su fundaci\u00f3n, la asociaci\u00f3n se constituye sin patrimonio inicial.<\/p>\n<p>La asociaci\u00f3n llevar\u00e1 una contabilidad que permita obtener la imagen fiel de su\u00a0 patrimonio, del resultado y de su situaci\u00f3n financiera, as\u00ed como un inventario actualizado\u00a0 de sus bienes; todo ello de conformidad con la normativa contable que sea de aplicaci\u00f3n.<\/p>\n<p>Las fechas de inicio y cierre de cada ejercicio econ\u00f3mico coincidir\u00e1n con las del a\u00f1o\u00a0 natural<\/p>\n<p><strong>ART. 36 MEDIOS ECONOMICOS\u00a0<\/strong><\/p>\n<p>La asociaci\u00f3n contar\u00e1 para su sostenimiento con el producto de su patrimonio, las\u00a0 cuotas y aportaciones de los socios, las subvenciones de organismos y entidades oficiales, los legados y donaciones que reciba, as\u00ed como los ingresos que obtenga en el ejercicio de\u00a0 las actividades que pueda desarrollar, que habr\u00e1n de atenerse a la legislaci\u00f3n espec\u00edfica\u00a0 que las regule, y cuyos beneficios se dedicar\u00e1n exclusivamente al cumplimiento de los\u00a0 fines sociales.<\/p>\n<p><strong>ART. 37 CONDICIONES PARA LA VENTA Y GRAVAMEN DE BIENES Y LA SUSCRIPCI\u00d3N \u00a0DE PRESTAMOS\u00a0<\/strong><\/p>\n<p>Cuando se trate de gravar y enajenar bienes inmuebles o de tomar dinero a\u00a0 pr\u00e9stamo dichos actos no podr\u00e1n comprometer de modo irreversible el patrimonio de la\u00a0 Entidad o la continuidad de las actividades encaminadas al cumplimiento de sus fines.<\/p>\n<p>Para la adecuada justificaci\u00f3n de este requisito podr\u00e1 exigirse el oportuno\u00a0 dictamen econ\u00f3mico, siempre que lo solicite, al menos, el cinco por ciento (5%) de los\u00a0 socios.<\/p>\n<p><strong>ART. 38 DISPOSICION DE FONDOS\u00a0<\/strong><\/p>\n<p>La Junta Directiva tendr\u00e1 facultades de disposici\u00f3n econ\u00f3mica, con una desviaci\u00f3n\u00a0 m\u00e1xima del veinte por ciento (20%) en relaci\u00f3n al l\u00edmite del total de los gastos previstos\u00a0 en el presupuesto anual.<\/p>\n<p>Si fuera necesario superar dicha cuant\u00eda, ser\u00eda preceptiva la convocatoria de la\u00a0 Asamblea General convocada al efecto.[\/vc_column_text][\/vc_column][\/vc_row][vc_row type=\u00bbin_container\u00bb full_screen_row_position=\u00bbmiddle\u00bb column_margin=\u00bbdefault\u00bb scene_position=\u00bbcenter\u00bb text_color=\u00bbdark\u00bb text_align=\u00bbleft\u00bb class=\u00bbbestatuto\u00bb id=\u00bbtitulo7&#8243; overlay_strength=\u00bb0.3&#8243; shape_divider_position=\u00bbbottom\u00bb bg_image_animation=\u00bbnone\u00bb shape_type=\u00bb\u00bb][vc_column column_padding=\u00bbno-extra-padding\u00bb column_padding_position=\u00bball\u00bb background_color_opacity=\u00bb1&#8243; background_hover_color_opacity=\u00bb1&#8243; column_link_target=\u00bb_self\u00bb column_shadow=\u00bbnone\u00bb column_border_radius=\u00bbnone\u00bb width=\u00bb1\/1&#8243; tablet_width_inherit=\u00bbdefault\u00bb tablet_text_alignment=\u00bbdefault\u00bb phone_text_alignment=\u00bbdefault\u00bb overlay_strength=\u00bb0.3&#8243; column_border_width=\u00bbnone\u00bb column_border_style=\u00bbsolid\u00bb bg_image_animation=\u00bbnone\u00bb][vc_column_text]\n<h2>TITULO VII &#8211; REGIMEN DE RESPONSABILIDAD<\/h2>\n<p><strong>ART. 39 REGIMEN DE RESPONSABILIDAD DE LOS SOCIOS Y DE LOS MIEMBROS DE \u00a0LA JUNTA DIRECTIVA\u00a0<\/strong><\/p>\n<p>Los socios no responder\u00e1n de las obligaciones econ\u00f3micas o de cualquier otra\u00a0 \u00edndole que pueda asumir la asociaci\u00f3n.<\/p>\n<p>Los miembros de la Junta Directiva y las dem\u00e1s personas que obren en nombre y\u00a0 representaci\u00f3n de la asociaci\u00f3n responder\u00e1n ante \u00e9sta, ante los asociados y ante terceros\u00a0 por los da\u00f1os causados y las deudas contra\u00eddas por actos dolosos, culposos o negligentes.<\/p>\n<p>Y tambi\u00e9n responder\u00e1n civil y administrativamente frente a la asociaci\u00f3n, a los\u00a0 asociados y a terceros por los actos y omisiones realizados en el ejercicio de sus funciones\u00a0 y por los acuerdos que hubiesen votado.<\/p>\n<p>Cuando la responsabilidad no pudiera ser imputada a ning\u00fan miembro o titular de\u00a0 la Junta Directiva, responder\u00e1n todos solidariamente, salvo aquellos que hubieran votado\u00a0 en contra del acuerdo.[\/vc_column_text][\/vc_column][\/vc_row][vc_row type=\u00bbin_container\u00bb full_screen_row_position=\u00bbmiddle\u00bb column_margin=\u00bbdefault\u00bb scene_position=\u00bbcenter\u00bb text_color=\u00bbdark\u00bb text_align=\u00bbleft\u00bb class=\u00bbbestatuto\u00bb id=\u00bbtitulo8&#8243; overlay_strength=\u00bb0.3&#8243; shape_divider_position=\u00bbbottom\u00bb bg_image_animation=\u00bbnone\u00bb shape_type=\u00bb\u00bb][vc_column column_padding=\u00bbno-extra-padding\u00bb column_padding_position=\u00bball\u00bb background_color_opacity=\u00bb1&#8243; background_hover_color_opacity=\u00bb1&#8243; column_link_target=\u00bb_self\u00bb column_shadow=\u00bbnone\u00bb column_border_radius=\u00bbnone\u00bb width=\u00bb1\/1&#8243; tablet_width_inherit=\u00bbdefault\u00bb tablet_text_alignment=\u00bbdefault\u00bb phone_text_alignment=\u00bbdefault\u00bb overlay_strength=\u00bb0.3&#8243; column_border_width=\u00bbnone\u00bb column_border_style=\u00bbsolid\u00bb bg_image_animation=\u00bbnone\u00bb][vc_column_text]\n<h2>TITULO VIII &#8211; DE LOS RECURSOS<\/h2>\n<p><strong>ART. 40\u00a0<\/strong><\/p>\n<p>Todos los actos de la Junta Directiva podr\u00e1n ser recurridos por los socios ante la\u00a0 Asamblea General.<\/p>\n<p>La Junta Directiva podr\u00e1 rectificar sus propios actos, de oficio o a instancia de\u00a0 cualquier socio, siempre que ello no implique el quebrantamiento de lo dispuesto en los\u00a0 Estatutos o en el ordenamiento jur\u00eddico.<\/p>\n<p><strong>ART. 41\u00a0<\/strong><\/p>\n<p>Cualquier recurso contra actos de la Junta Directiva deber\u00e1 ser presentado ante la\u00a0 propia Junta en el plazo de un mes a contar desde el d\u00eda en que se notific\u00f3 el acuerdo\u00a0 objeto de impugnaci\u00f3n.<\/p>\n<p>El recurso deber\u00e1 expresar la identidad del socio recurrente, su domicilio a efectos\u00a0 de notificaciones, el acto o acuerdo que se impugna y los motivos de la impugnaci\u00f3n.<\/p>\n<p><strong>ART. 42\u00a0<\/strong><\/p>\n<p>La Junta Directiva es el \u00f3rgano competente para estudiar y proponer la resoluci\u00f3n\u00a0 de los recursos. Para ello podr\u00e1 utilizar los mecanismos de comprobaci\u00f3n que considere\u00a0 oportunos, requiriendo las aclaraciones y documentaci\u00f3n que crea necesarias y recabando\u00a0 asistencia t\u00e9cnica, si lo considera conveniente.<\/p>\n<p>Si en el recurso se detectan errores subsanables, se requerir\u00e1 al interesado para\u00a0 que en un plazo de cinco d\u00edas h\u00e1biles subsane la falta o acompa\u00f1e la documentaci\u00f3n\u00a0 omitida, con indicaci\u00f3n de que, si as\u00ed no lo hiciere, se le tendr\u00e1 por desistido y se archivar\u00e1\u00a0 el recurso sin m\u00e1s tr\u00e1mite.<\/p>\n<p>Tras recibir la documentaci\u00f3n y la informaci\u00f3n solicitada, la Junta Directiva emitir\u00e1\u00a0 la correspondiente propuesta de resoluci\u00f3n en un plazo no superior a diez d\u00edas h\u00e1biles.\u00a0 Esta propuesta se incluir\u00e1 en el Orden del D\u00eda de la pr\u00f3xima Asamblea General que se\u00a0 celebre con posterioridad a la interposici\u00f3n del recurso.<\/p>\n<p>En la Asamblea General la Junta Directiva informar\u00e1 sobre todos los recursos\u00a0 presentados y sobre las propuestas de resoluci\u00f3n. Estas se someter\u00e1n a votaci\u00f3n, siendo\u00a0 suficiente para su aprobaci\u00f3n la mayor\u00eda simple de los socios presentes o representados,\u00a0 cuando los votos afirmativos superen a los negativos.<\/p>\n<p>Los recurrentes podr\u00e1n intervenir en el punto del Orden del D\u00eda que trate sobre su\u00a0 recurso.<\/p>\n<p>La interposici\u00f3n de cualquier recurso no suspender\u00e1 la ejecuci\u00f3n del acto\u00a0 impugnado, salvo que la acuerde la jurisdicci\u00f3n competente.[\/vc_column_text][\/vc_column][\/vc_row][vc_row type=\u00bbin_container\u00bb full_screen_row_position=\u00bbmiddle\u00bb column_margin=\u00bbdefault\u00bb scene_position=\u00bbcenter\u00bb text_color=\u00bbdark\u00bb text_align=\u00bbleft\u00bb class=\u00bbbestatuto\u00bb id=\u00bbtitulo9&#8243; overlay_strength=\u00bb0.3&#8243; shape_divider_position=\u00bbbottom\u00bb bg_image_animation=\u00bbnone\u00bb shape_type=\u00bb\u00bb][vc_column column_padding=\u00bbno-extra-padding\u00bb column_padding_position=\u00bball\u00bb background_color_opacity=\u00bb1&#8243; background_hover_color_opacity=\u00bb1&#8243; column_link_target=\u00bb_self\u00bb column_shadow=\u00bbnone\u00bb column_border_radius=\u00bbnone\u00bb width=\u00bb1\/1&#8243; tablet_width_inherit=\u00bbdefault\u00bb tablet_text_alignment=\u00bbdefault\u00bb phone_text_alignment=\u00bbdefault\u00bb overlay_strength=\u00bb0.3&#8243; column_border_width=\u00bbnone\u00bb column_border_style=\u00bbsolid\u00bb bg_image_animation=\u00bbnone\u00bb][vc_column_text]\n<h2>TITULO IX &#8211; REGIMEN DISCIPLINARIO<\/h2>\n<p><strong>ART. 43 AMBITO DE APLICACION\u00a0<\/strong><\/p>\n<p>El ejercicio de la potestad disciplinaria social corresponde a la asociaci\u00f3n en lo que\u00a0 respecta a sus socios y se ejercer\u00e1 de conformidad con los presentes Estatutos.<\/p>\n<p>El r\u00e9gimen disciplinario social no excluye la responsabilidad penal o civil en que\u00a0 pudiera incurrir el imputado.<\/p>\n<p><strong>ART. 44 INFRACCIONES\u00a0<\/strong><\/p>\n<p>Se tipifican como infracciones las siguientes acciones u omisiones voluntarias:<\/p>\n<ol>\n<li>El incumplimiento reiterado, previo requerimiento, de los acuerdos de la\u00a0 Asamblea General o de la Junta Directiva.<\/li>\n<li>La realizaci\u00f3n de actos que atenten a la honorabilidad de la asociaci\u00f3n, de sus\u00a0 asociados, directivos, t\u00e9cnicos, empleados o voluntarios.<\/li>\n<li>La realizaci\u00f3n de actos que produzcan da\u00f1os al patrimonio de la asociaci\u00f3n. d) La falta de pago reiterada, previo requerimiento, de las cuotas y dem\u00e1s\u00a0 contribuciones aprobadas por la Asamblea General a propuesta de la Junta Directiva.<\/li>\n<\/ol>\n<p><strong>ART. 45 SANCIONES\u00a0<\/strong><\/p>\n<p>Las infracciones podr\u00e1n dar lugar a las siguientes sanciones:<\/p>\n<ol>\n<li>Amonestaci\u00f3n verbal o escrita.<\/li>\n<li>Suspensi\u00f3n del derecho de socio durante un per\u00edodo de hasta seis meses.<\/li>\n<li>Privaci\u00f3n del derecho de socio con car\u00e1cter definitivo<\/li>\n<\/ol>\n<p><strong>ART. 46 CIRCUNSTANCIAS QUE MODIFICAN LA RESPONSABILIDAD\u00a0<\/strong><\/p>\n<p>1.- Ser\u00e1n consideradas circunstancias agravantes:<\/p>\n<p>a) Prevalecerse del cargo o funci\u00f3n dentro de la asociaci\u00f3n.<\/p>\n<p>b) Cometer la infracci\u00f3n por motivos racistas y otra clase de discriminaci\u00f3n\u00a0 referente a la ideolog\u00eda, religi\u00f3n, creencias, nacionalidad o sexo de la persona ofendida.<\/p>\n<p>2.- Tendr\u00e1 la consideraci\u00f3n de circunstancia atenuante el haber procedido el\u00a0 imputado, de forma espont\u00e1nea, a reparar el da\u00f1o causado antes del inicio del expediente\u00a0 sancionador.<\/p>\n<p><strong>ART. 47 PRESCRIPCION DE LAS INFRACCIONES\u00a0<\/strong><\/p>\n<p>Las infracciones prescribir\u00e1n a los ciento ochenta d\u00edas naturales, contados desde el\u00a0 siguiente a aquel en que sea notificada la denuncia a la Junta Directiva, o a \u00e9sta le conste\u00a0 la comisi\u00f3n de la infracci\u00f3n.<\/p>\n<p><strong>ART. 48 PROCEDIMIENTO SANCIONADOR\u00a0<\/strong><\/p>\n<p>La Junta Directiva es la competente para instruir los expedientes sancionadores.<\/p>\n<p>El procedimiento podr\u00e1 iniciarse de oficio o por denuncia de cualquiera de los\u00a0 socios.<\/p>\n<p>Al recibir denuncia sobre una supuesta infracci\u00f3n, la Junta Directiva podr\u00e1 acordar\u00a0 la instrucci\u00f3n de una informaci\u00f3n reservada antes de decidir la incoaci\u00f3n del expediente\u00a0 sancionador o, en su caso, el archivo de las actuaciones.<\/p>\n<p>Decidida por la Junta Directiva la incoaci\u00f3n del expediente, nombrar\u00e1 de entre sus\u00a0 miembros a un Instructor, quien practicar\u00e1 cuantas diligencias considere necesarias para\u00a0 constatar si los hechos denunciados constituyen o no una infracci\u00f3n. A la vista de las\u00a0 pruebas practicadas formular\u00e1 por escrito un pliego de cargos en el que se expondr\u00e1n los\u00a0 hechos imputados.<\/p>\n<p>Este pliego de cargos se notificar\u00e1 al interesado, concedi\u00e9ndole un plazo de diez\u00a0 d\u00edas h\u00e1biles desde el d\u00eda de la notificaci\u00f3n para que pueda alegar por escrito cuanto\u00a0 considere conveniente a su defensa, proponiendo las pruebas de que intente valerse.<\/p>\n<p>Contestado el pliego de cargos o transcurrido el plazo para hacerlo, el Instructor\u00a0 formular\u00e1 propuesta de resoluci\u00f3n. Esta propuesta ser\u00e1 notificada al interesado para que\u00a0 en un plazo de diez d\u00edas h\u00e1biles pueda formular por escrito las alegaciones que crea\u00a0 convenientes.<\/p>\n<p>Estas alegaciones ser\u00e1n estudiadas por la Junta Directiva, que decidir\u00e1, o bien el\u00a0 archivo de las actuaciones o bien elevar a la Asamblea General una propuesta de\u00a0 resoluci\u00f3n sancionadora.<\/p>\n<p>Esta propuesta ser\u00e1 incluida en el Orden del D\u00eda de la primera Asamblea General\u00a0 que se celebre, que a la vista de todo lo actuado acordar\u00e1 la resoluci\u00f3n del expediente,\u00a0 por mayor\u00eda simple de los socios presentes o representados, cuando los votos afirmativos\u00a0 superen a los negativos.<\/p>\n<p><strong>ART. 49 EJECUTIVIDAD DE LA RESOLUCION\u00a0<\/strong><\/p>\n<p>La impugnaci\u00f3n del acuerdo de la Asamblea General no suspender\u00e1 la ejecuci\u00f3n\u00a0 del acto impugnado, salvo que lo acuerde la jurisdicci\u00f3n competente.[\/vc_column_text][\/vc_column][\/vc_row][vc_row type=\u00bbin_container\u00bb full_screen_row_position=\u00bbmiddle\u00bb column_margin=\u00bbdefault\u00bb scene_position=\u00bbcenter\u00bb text_color=\u00bbdark\u00bb text_align=\u00bbleft\u00bb class=\u00bbbestatuto\u00bb id=\u00bbtitulo10&#8243; overlay_strength=\u00bb0.3&#8243; shape_divider_position=\u00bbbottom\u00bb bg_image_animation=\u00bbnone\u00bb shape_type=\u00bb\u00bb][vc_column column_padding=\u00bbno-extra-padding\u00bb column_padding_position=\u00bball\u00bb background_color_opacity=\u00bb1&#8243; background_hover_color_opacity=\u00bb1&#8243; column_link_target=\u00bb_self\u00bb column_shadow=\u00bbnone\u00bb column_border_radius=\u00bbnone\u00bb width=\u00bb1\/1&#8243; tablet_width_inherit=\u00bbdefault\u00bb tablet_text_alignment=\u00bbdefault\u00bb phone_text_alignment=\u00bbdefault\u00bb overlay_strength=\u00bb0.3&#8243; column_border_width=\u00bbnone\u00bb column_border_style=\u00bbsolid\u00bb bg_image_animation=\u00bbnone\u00bb][vc_column_text]\n<h2>TITULO X &#8211; REGIMEN ELECTORAL<\/h2>\n<p><strong>ART. 50 SUPUESTOS DE CONVOCATORIA DE ELECCIONES \u00a0<\/strong><\/p>\n<p>La Asamblea General elegir\u00e1 cada cuatro a\u00f1os a quienes tienen que ostentar las\u00a0 funciones de direcci\u00f3n como miembros de la Junta Directiva.<\/p>\n<p>Las elecciones se celebrar\u00e1n por el sistema de listas cerradas, y se convocar\u00e1n en\u00a0 los siguientes supuestos:<\/p>\n<p>1.- Por expiraci\u00f3n del per\u00edodo de mandato de la Junta Directiva establecido en los\u00a0 presentes Estatutos.<\/p>\n<p>2.- Cuando debido a dimisiones, renuncias, incapacidad o defunci\u00f3n, la Junta\u00a0 Directiva se encuentre reducida a un n\u00famero inferior al 50% de sus miembros.<\/p>\n<p>3.- Por dimisi\u00f3n, renuncia, defunci\u00f3n o incapacidad del Presidente de la Junta\u00a0 Directiva.<\/p>\n<p><strong>ART. 51 DE LAS CANDIDATURAS\u00a0<\/strong><\/p>\n<p>Son requisitos para formar parte de una candidatura:<\/p>\n<p>1.- Ser mayor de edad y hallarse en pleno uso de los derechos civiles. 2.- Ser socio de n\u00famero y en activo de la asociaci\u00f3n.<\/p>\n<p>3.- Estar al corriente de sus obligaciones con la asociaci\u00f3n.<\/p>\n<p>4.- No estar incurso en los motivos de incompatibilidad establecidos en la\u00a0 legislaci\u00f3n vigente.<\/p>\n<p>Cada candidatura estar\u00e1 formada por un n\u00famero de miembros no inferior a 7 ni\u00a0 superior a 11, debiendo especificarse el cargo al que opta cada uno de ellos. En todo caso\u00a0 la lista ser\u00e1 encabezada por el candidato a Presidente de la Junta Directiva.<\/p>\n<p>Las candidaturas deber\u00e1n ser avaladas, como m\u00ednimo, por un cinco por ciento (5%)\u00a0 de los socios con derecho a voto. Ning\u00fan socio podr\u00e1 avalar m\u00e1s de una candidatura. En\u00a0 caso de constar este aval en m\u00e1s de una candidatura se tendr\u00e1 por no puesto.<\/p>\n<p><strong>ART. 52 CUALIDAD DE ELECTOR\u00a0<\/strong><\/p>\n<p>Ser\u00e1n electores todos los socios que sean mayores de edad, tengan plena\u00a0 capacidad de obrar en el caso de las personas f\u00edsicas y est\u00e9n al corriente de sus\u00a0 obligaciones con la asociaci\u00f3n.<\/p>\n<p>El voto ser\u00e1 libre, directo y secreto, no admiti\u00e9ndose la delegaci\u00f3n de voto.<\/p>\n<p><strong>ART. 53 CONVOCATORIA DE LA ASAMBLEA<\/strong><\/p>\n<p>La Junta Directiva, mediante anuncio que ser\u00e1 notificado a todos los socios por\u00a0 correo postal y por email, convocar\u00e1 Asamblea General Extraordinaria para la elecci\u00f3n de\u00a0 los miembros de la nueva Junta Directiva.<\/p>\n<p>Con ese anuncio, adjuntar\u00e1 a cada socio una notificaci\u00f3n confirm\u00e1ndole su\u00a0 inclusi\u00f3n en el censo electoral o, en caso contrario, indic\u00e1ndole los motivos por los que no\u00a0 tiene derecho al voto y la forma en que puede recuperar ese derecho, si ello es posible.<\/p>\n<p>A esa misma notificaci\u00f3n tambi\u00e9n se adjuntar\u00e1 una nota explicativa de los\u00a0 requisitos que se exigen a los socios para formar parte de las candidaturas que quieran\u00a0 presentarse a las elecciones, que deber\u00e1n estar formadas por un m\u00ednimo de 7 y un\u00a0 m\u00e1ximo de 11 candidatos, debiendo especificarse el cargo al que opta cada uno de ellos, y\u00a0 debiendo estar encabezadas por el candidato a Presidente de la Junta Directiva.<\/p>\n<p><strong>ART.- 54 DESARROLLO DE LA SESI\u00d3N, VOTACI\u00d3N Y LEVANTAMIENTO DE ACTA<\/strong><\/p>\n<p>La sesi\u00f3n se iniciar\u00e1 con el nombramiento de los miembros de la Mesa Electoral,\u00a0 de entre los presentes, que estar\u00e1 compuesta por tres socios que no podr\u00e1n formar parte\u00a0 de ninguna candidatura.<\/p>\n<p>Una vez elegidos los miembros de la Mesa, \u00e9stos nombrar\u00e1n presidente a uno de\u00a0 ellos, quien presidir\u00e1 asimismo la Asamblea.<\/p>\n<p>Acto seguido se proceder\u00e1 en este orden:<\/p>\n<p>A la presentaci\u00f3n de reclamaciones contra la composici\u00f3n del censo electoral, y a\u00a0 su resoluci\u00f3n motivada.<br \/>\nA la presentaci\u00f3n de candidaturas.<br \/>\nA la presentaci\u00f3n de reclamaciones contra las candidaturas y a su resoluci\u00f3n\u00a0 motivada.<br \/>\nLas resoluciones a las reclamaciones contra el censo electoral o contra\u00a0 candidaturas se decidir\u00e1n por mayor\u00eda simple de los presentes, cuando los votos\u00a0 afirmativos superen los negativos.<\/p>\n<p>Una vez resueltas las reclamaciones, si se ha presentado m\u00e1s de una candidatura la\u00a0 Mesa Electoral iniciar\u00e1 el proceso de votaci\u00f3n.<\/p>\n<p><strong>ART. 55 FUNCIONES DE LA MESA ELECTORAL EN EL PROCESO DE VOTACI\u00d3N<\/strong><\/p>\n<p>Corresponden a la Mesa Electoral las siguientes funciones:<\/p>\n<ol>\n<li>Comprobar la identidad de los votantes y su inclusi\u00f3n en el censo.<\/li>\n<li>Recoger el sobre del votante conteniendo el voto e introducirlo en la urna\u00a0 cerrada y sellada.<\/li>\n<li>Redactar y firmar el Acta de la elecci\u00f3n en la que deber\u00e1n constar el n\u00famero de\u00a0 electores, el de votantes, el de votos v\u00e1lidos emitidos, los votos nulos, los votos en blanco,\u00a0 el resultado de la votaci\u00f3n y, en su caso, las reclamaciones presentadas y su resoluci\u00f3n. d) Anunciar los resultados y proclamar la candidatura elegida.<\/li>\n<\/ol>\n<p>En la Mesa Electoral tendr\u00e1 voz, pero no voto, el representante que pueda\u00a0 designar cada candidatura para observar la votaci\u00f3n.<\/p>\n<p>Las reclamaciones que puedan presentarse durante el proceso de votaci\u00f3n y en\u00a0 relaci\u00f3n al mismo ser\u00e1n resueltas por la Asamblea por mayor\u00eda simple de los presentes,\u00a0 cuando los votos afirmativos superen los negativos.<\/p>\n<p><strong>ART. 56 SUPUESTO DE EMPATE Y CANDIDATURA UNICAS\u00a0<\/strong><\/p>\n<p>En el supuesto de empate entre dos o m\u00e1s candidaturas, la Mesa Electoral lo\u00a0 comunicar\u00e1 de forma inmediata a la Junta Directiva, al efecto de que \u00e9sta, en un plazo\u00a0 m\u00e1ximo de 15 d\u00edas convoque nueva Asamblea General para la elecci\u00f3n de Junta Directiva.<\/p>\n<p>En el supuesto de que se haya presentado y admitido una sola candidatura, no\u00a0 ser\u00e1 necesaria la votaci\u00f3n y sus integrantes ser\u00e1n proclamados por la Mesa Electoral como\u00a0 miembros de la nueva Junta Directiva.<\/p>\n<p><strong>ART 57 RECLAMACIONES CONTRA LAS RESOLUCIONES DE LA ASAMBLEA<\/strong><\/p>\n<p>Las reclamaciones que pudieran presentar los socios contra las resoluciones de la\u00a0 Asamblea General podr\u00e1 ser impugnadas ante los \u00f3rganos del orden jurisdiccional civil,\u00a0 por los tr\u00e1mites del juicio que corresponda.[\/vc_column_text][\/vc_column][\/vc_row][vc_row type=\u00bbin_container\u00bb full_screen_row_position=\u00bbmiddle\u00bb column_margin=\u00bbdefault\u00bb scene_position=\u00bbcenter\u00bb text_color=\u00bbdark\u00bb text_align=\u00bbleft\u00bb class=\u00bbbestatuto\u00bb id=\u00bbtitulo11&#8243; overlay_strength=\u00bb0.3&#8243; shape_divider_position=\u00bbbottom\u00bb bg_image_animation=\u00bbnone\u00bb shape_type=\u00bb\u00bb][vc_column column_padding=\u00bbno-extra-padding\u00bb column_padding_position=\u00bball\u00bb background_color_opacity=\u00bb1&#8243; background_hover_color_opacity=\u00bb1&#8243; column_link_target=\u00bb_self\u00bb column_shadow=\u00bbnone\u00bb column_border_radius=\u00bbnone\u00bb width=\u00bb1\/1&#8243; tablet_width_inherit=\u00bbdefault\u00bb tablet_text_alignment=\u00bbdefault\u00bb phone_text_alignment=\u00bbdefault\u00bb overlay_strength=\u00bb0.3&#8243; column_border_width=\u00bbnone\u00bb column_border_style=\u00bbsolid\u00bb bg_image_animation=\u00bbnone\u00bb][vc_column_text]\n<h2>TITULO XI &#8211; DE LA MOCION DE CENSURA A LA JUNTA DIRECTIVA<\/h2>\n<p><strong>ART. 58\u00a0<\/strong><\/p>\n<p>Los socios podr\u00e1n exigir la responsabilidad de la Junta Directiva mediante la\u00a0 presentaci\u00f3n de una moci\u00f3n de censura, que deber\u00e1 ser propuesta como m\u00ednimo por un\u00a0 quince por ciento (15%) de los socios con derecho a voto.<\/p>\n<p>La moci\u00f3n de censura deber\u00e1 incluir necesariamente una lista con los\u00a0 componentes de la Junta Directiva que propongan sus promotores. La composici\u00f3n de\u00a0 esta Junta Directiva deber\u00e1 cumplir los requisitos que se establecen en los presentes\u00a0 Estatutos.<\/p>\n<p>La moci\u00f3n de censura se presentar\u00e1 en la Secretar\u00eda de la asociaci\u00f3n, mediante\u00a0 escrito en el que se indicar\u00e1 la voluntad de promover moci\u00f3n de censura contra la Junta\u00a0 Directiva, uni\u00e9ndose la lista de componentes de la nueva Junta Directiva que se proponga\u00a0 y una relaci\u00f3n suscrita por los socios con derecho a voto que dan soporte a la moci\u00f3n,\u00a0 indicando sus nombres, n\u00famero de DNI, NIE, permiso de residencia o pasaporte, n\u00famero\u00a0 de socio y firma.<\/p>\n<p>La Junta Directiva, tras comprobar que la moci\u00f3n de censura re\u00fane los requisitos\u00a0 se\u00f1alados anteriormente, la admitir\u00e1 a tr\u00e1mite y convocar\u00e1 Asamblea General\u00a0 Extraordinaria en un plazo m\u00e1ximo de un mes a contar desde la fecha de su admisi\u00f3n.<\/p>\n<p>En caso contrario, indicar\u00e1 por escrito a los promotores los defectos observados,\u00a0 d\u00e1ndoles un plazo m\u00e1ximo de 10 d\u00edas para subsanarlos, con apercibimiento de archivo de\u00a0 la moci\u00f3n.<\/p>\n<p>Al admitir la moci\u00f3n de censura, la Junta Directiva la notificar\u00e1 a los socios y la\u00a0 publicar\u00e1 en la p\u00e1gina web de la asociaci\u00f3n, indicando que cualesquiera otros socios\u00a0 podr\u00e1n presentar mociones alternativas durante un plazo de 7 d\u00edas a contar desde la publicaci\u00f3n, y que \u00e9stas tendr\u00e1n que reunir los mismos requisitos antes mencionados para\u00a0 su admisi\u00f3n.<\/p>\n<p>Las mociones de censura podr\u00e1n ser retiradas en cualquier momento por sus\u00a0 proponentes.<\/p>\n<p><strong>ART. 59\u00a0<\/strong><\/p>\n<p>La Asamblea General Extraordinaria convocada para decidir la moci\u00f3n de censura\u00a0 elegir\u00e1 entre los presentes los componentes de la Mesa Electoral, elegidos por el mismo\u00a0 procedimiento establecido en estos Estatutos para el proceso electoral.<\/p>\n<p>El Presidente de la Mesa Electoral lo ser\u00e1 de la Asamblea, por lo que dirigir\u00e1 y\u00a0 moderar\u00e1 el debate.<\/p>\n<p>El debate se iniciar\u00e1 con la defensa de la moci\u00f3n de censura, durante el tiempo\u00a0 que determine el Presidente de la Asamblea. El exponente podr\u00e1 ser cualquiera de los\u00a0 integrantes de la Junta Directiva propuesta en la moci\u00f3n o cualquiera de los firmantes de\u00a0 la misma, debiendo explicar el programa de esa Junta.<\/p>\n<p>A continuaci\u00f3n, y durante el mismo tiempo, podr\u00e1n intervenir los exponentes que\u00a0 designen los promotores de las otras mociones de censura que puedan haberse\u00a0 presentado con posterioridad, por su orden de presentaci\u00f3n.<\/p>\n<p>Cerrar\u00e1 el turno de intervenciones, con el mismo tiempo, el Presidente o\u00a0 cualquiera de los componentes de la Junta Directiva censurada, a efectos de r\u00e9plica. El Presidente podr\u00e1 fijar cuantos turnos de intervenci\u00f3n considere oportunos. Una vez cerrados los turnos de intervenci\u00f3n se proceder\u00e1 a la votaci\u00f3n, por\u00a0 separado, de las mociones presentadas.<\/p>\n<p>Si una moci\u00f3n obtiene el respaldo suficiente, no se someter\u00e1n a votaci\u00f3n las\u00a0 restantes y la Mesa Electoral proclamar\u00e1 la Junta Directiva propuesta por la misma, que\u00a0 tomar\u00e1 posesi\u00f3n de sus cargos.<\/p>\n<p>Si ninguna moci\u00f3n obtiene la mayor\u00eda establecida en los presentes Estatutos, la\u00a0 Junta Directiva censurada continuar\u00e1 en su mandato.<\/p>\n<p>En tal caso, los promotores de la moci\u00f3n o mociones de censura no podr\u00e1n\u00a0 presentar otras durante ese a\u00f1o.[\/vc_column_text][\/vc_column][\/vc_row][vc_row type=\u00bbin_container\u00bb full_screen_row_position=\u00bbmiddle\u00bb column_margin=\u00bbdefault\u00bb scene_position=\u00bbcenter\u00bb text_color=\u00bbdark\u00bb text_align=\u00bbleft\u00bb class=\u00bbbestatuto\u00bb id=\u00bbtitulo12&#8243; overlay_strength=\u00bb0.3&#8243; shape_divider_position=\u00bbbottom\u00bb bg_image_animation=\u00bbnone\u00bb shape_type=\u00bb\u00bb][vc_column column_padding=\u00bbno-extra-padding\u00bb column_padding_position=\u00bball\u00bb background_color_opacity=\u00bb1&#8243; background_hover_color_opacity=\u00bb1&#8243; column_link_target=\u00bb_self\u00bb column_shadow=\u00bbnone\u00bb column_border_radius=\u00bbnone\u00bb width=\u00bb1\/1&#8243; tablet_width_inherit=\u00bbdefault\u00bb tablet_text_alignment=\u00bbdefault\u00bb phone_text_alignment=\u00bbdefault\u00bb overlay_strength=\u00bb0.3&#8243; column_border_width=\u00bbnone\u00bb column_border_style=\u00bbsolid\u00bb bg_image_animation=\u00bbnone\u00bb][vc_column_text]\n<h2>TITULO XII &#8211; DISOLUCION Y LIQUIDACION DE LA ASOCIACI\u00d3N<\/h2>\n<p><strong>ART. 60 CAUSAS DE DISOLUCION\u00a0<\/strong><\/p>\n<p>Son causas de disoluci\u00f3n de la asociaci\u00f3n:<\/p>\n<ol>\n<li>El acuerdo de los socios adoptado en Asamblea General Extraordinaria\u00a0 convocada a tal efecto.<\/li>\n<li>La imposibilidad manifiesta de llevar a cabo sus fines sociales.<\/li>\n<li>La resoluci\u00f3n motivada de la autoridad judicial competente.<\/li>\n<\/ol>\n<p><strong>ART. 61 PROCEDIMIENTO DE LIQUIDACION\u00a0<\/strong><\/p>\n<p>La disoluci\u00f3n de la asociaci\u00f3n abre el periodo de liquidaci\u00f3n. En este periodo la\u00a0 asociaci\u00f3n conservar\u00e1 su personalidad jur\u00eddica, manteni\u00e9ndose vigentes las normas\u00a0 contenidas en los Estatutos y el resto de disposiciones que le sean aplicables.<\/p>\n<p>Al abrirse el periodo de liquidaci\u00f3n cesar\u00e1 en sus funciones la Junta Directiva,\u00a0 convirti\u00e9ndose sus miembros en liquidadores.<\/p>\n<p>Ello no obstante, la Asamblea General que acuerde la disoluci\u00f3n podr\u00e1 nombrar\u00a0 otros liquidadores entre los socios con derecho a voto, siempre en n\u00famero impar.<\/p>\n<p>En caso de fallecimiento, cese o incapacidad de todos los liquidadores solidarios,\u00a0 de alguno de los liquidadores que act\u00faen conjuntamente o de la mayor\u00eda de los\u00a0 liquidadores que act\u00faen colegiadamente sin que existan suplentes, cualquier liquidador,\u00a0 socio o persona con inter\u00e9s leg\u00edtimo podr\u00e1 solicitar la convocatoria de Asamblea General\u00a0 para nombrar a los nuevos liquidadores.<\/p>\n<p>Los liquidadores podr\u00e1n ejercer su cargo por un periodo m\u00e1ximo de un a\u00f1o, que\u00a0 podr\u00e1 ser prorrogado por acuerdo de la Asamblea General, la cual podr\u00e1 tambi\u00e9n\u00a0 separarles de sus cargos.<\/p>\n<p>Los liquidadores est\u00e1n obligados:<\/p>\n<p>A formular, en el plazo de dos meses a contar desde la apertura del periodo de\u00a0 liquidaci\u00f3n, un inventario y balance de situaci\u00f3n, con referencia al d\u00eda en que se adopt\u00f3 el\u00a0 acuerdo de disoluci\u00f3n.<\/p>\n<p>A convocar a la Asamblea General para informar con exactitud sobre el estado del\u00a0 proceso de liquidaci\u00f3n. Esta convocatoria se realizar\u00e1 si la liquidaci\u00f3n se prolonga m\u00e1s de\u00a0 un a\u00f1o.<\/p>\n<p>A velar por el patrimonio de la asociaci\u00f3n, llevando al d\u00eda y en orden su\u00a0 contabilidad.<\/p>\n<p>A concluir las operaciones pendientes y a realizar cuantas otras sean necesarias\u00a0 para la liquidaci\u00f3n de la asociaci\u00f3n, percibir sus cr\u00e9ditos y pagar sus deudas, enajenando\u00a0 bienes de su patrimonio, si es preciso para ello.<\/p>\n<p>A realizar las transacciones y seguir los procesos judiciales que sean necesarios o\u00a0 convenientes en el proceso de liquidaci\u00f3n de la asociaci\u00f3n.<\/p>\n<p>A revertir el activo resultante de la liquidaci\u00f3n a las asociaciones radicadas en los\u00a0 municipios de Sant Antoni de Portmany y de Sant Josep de Sa Talaia, y a falta de \u00e9stas en\u00a0 cualquiera de los otros municipios de la Isla de Ibiza, que tengan como finalidad principal\u00a0 la preservaci\u00f3n del medio ambiente.<\/p>\n<p>A solicitar la inscripci\u00f3n de la disoluci\u00f3n y liquidaci\u00f3n en el Registro de\u00a0 Asociaciones de les Illes Balears.<\/p>\n<p>En caso de insolvencia de la asociaci\u00f3n, el \u00f3rgano de representaci\u00f3n, o en su caso\u00a0 los liquidadores han de promover inmediatamente inicio de procedimiento concursal ante\u00a0 el juez competente.<\/p>\n<p><strong>Art. 62 DERECHO SUPLETORIO\u00a0<\/strong><\/p>\n<p>En todo lo no previsto por estos Estatutos, regir\u00e1n las disposiciones de la Ley\u00a0 Org\u00e1nica 1\/2002 de 22 de marzo y sus normas de desarrollo, as\u00ed como la normativa\u00a0 espec\u00edfica que sea de aplicaci\u00f3n a las actividades desarrolladas por la asociaci\u00f3n.<\/p>\n<p>Fdo: El Secretario, V\u00baB\u00ba Fdo: El Presidente,[\/vc_column_text][\/vc_column][\/vc_row]\n","protected":false},"excerpt":{"rendered":"<p>[vc_row type=\u00bbin_container\u00bb full_screen_row_position=\u00bbmiddle\u00bb column_margin=\u00bbdefault\u00bb scene_position=\u00bbcenter\u00bb text_color=\u00bbdark\u00bb text_align=\u00bbleft\u00bb top_padding=\u00bb40&#8243; overlay_strength=\u00bb0.3&#8243; shape_divider_position=\u00bbbottom\u00bb bg_image_animation=\u00bbnone\u00bb shape_type=\u00bb\u00bb][vc_column column_padding=\u00bbno-extra-padding\u00bb column_padding_position=\u00bball\u00bb background_color_opacity=\u00bb1&#8243; background_hover_color_opacity=\u00bb1&#8243; column_link_target=\u00bb_self\u00bb column_shadow=\u00bbnone\u00bb column_border_radius=\u00bbnone\u00bb width=\u00bb1\/1&#8243; tablet_width_inherit=\u00bbdefault\u00bb tablet_text_alignment=\u00bbdefault\u00bb phone_text_alignment=\u00bbdefault\u00bb overlay_strength=\u00bb0.3&#8243; column_border_width=\u00bbnone\u00bb column_border_style=\u00bbsolid\u00bb bg_image_animation=\u00bbnone\u00bb][vc_custom_heading source=\u00bbpost_title\u00bb font_container=\u00bbtag:h1|font_size:40|text_align:left|line_height:2&#8243; use_theme_fonts=\u00bbyes\u00bb][\/vc_column][\/vc_row][vc_row&#8230;<\/p>\n","protected":false},"author":1,"featured_media":0,"parent":0,"menu_order":0,"comment_status":"closed","ping_status":"closed","template":"","meta":{"give_campaign_id":0,"footnotes":""},"class_list":["post-4021","page","type-page","status-publish"],"yoast_head":"<!-- This site is optimized with the Yoast SEO plugin v26.8 - https:\/\/yoast.com\/product\/yoast-seo-wordpress\/ -->\n<title>Estatutos de la asociaci\u00f3n Salvem Sa Badia de Portmany - Salvem Sa Badia de Portmany<\/title>\n<meta name=\"robots\" content=\"index, follow, max-snippet:-1, max-image-preview:large, max-video-preview:-1\" \/>\n<link rel=\"canonical\" href=\"https:\/\/www.salvemsabadia.com\/estatutos-de-la-asociacion-salvem-sa-badia-de-portmany\/\" \/>\n<meta property=\"og:locale\" content=\"es_ES\" \/>\n<meta property=\"og:type\" content=\"article\" \/>\n<meta property=\"og:title\" content=\"Estatutos de la asociaci\u00f3n Salvem Sa Badia de Portmany - Salvem Sa Badia de Portmany\" \/>\n<meta property=\"og:description\" content=\"[vc_row type=\u00bbin_container\u00bb full_screen_row_position=\u00bbmiddle\u00bb column_margin=\u00bbdefault\u00bb scene_position=\u00bbcenter\u00bb text_color=\u00bbdark\u00bb text_align=\u00bbleft\u00bb top_padding=\u00bb40&#8243; overlay_strength=\u00bb0.3&#8243; shape_divider_position=\u00bbbottom\u00bb bg_image_animation=\u00bbnone\u00bb shape_type=\u00bb\u00bb][vc_column column_padding=\u00bbno-extra-padding\u00bb column_padding_position=\u00bball\u00bb background_color_opacity=\u00bb1&#8243; background_hover_color_opacity=\u00bb1&#8243; column_link_target=\u00bb_self\u00bb column_shadow=\u00bbnone\u00bb column_border_radius=\u00bbnone\u00bb width=\u00bb1\/1&#8243; tablet_width_inherit=\u00bbdefault\u00bb tablet_text_alignment=\u00bbdefault\u00bb phone_text_alignment=\u00bbdefault\u00bb overlay_strength=\u00bb0.3&#8243; column_border_width=\u00bbnone\u00bb column_border_style=\u00bbsolid\u00bb bg_image_animation=\u00bbnone\u00bb][vc_custom_heading source=\u00bbpost_title\u00bb font_container=\u00bbtag:h1|font_size:40|text_align:left|line_height:2&#8243; use_theme_fonts=\u00bbyes\u00bb][\/vc_column][\/vc_row][vc_row...\" \/>\n<meta property=\"og:url\" content=\"https:\/\/www.salvemsabadia.com\/estatutos-de-la-asociacion-salvem-sa-badia-de-portmany\/\" \/>\n<meta property=\"og:site_name\" content=\"Salvem Sa Badia de Portmany\" \/>\n<meta name=\"twitter:card\" content=\"summary_large_image\" \/>\n<meta name=\"twitter:label1\" content=\"Tiempo de lectura\" \/>\n\t<meta name=\"twitter:data1\" content=\"50 minutos\" \/>\n<script type=\"application\/ld+json\" class=\"yoast-schema-graph\">{\"@context\":\"https:\/\/schema.org\",\"@graph\":[{\"@type\":\"WebPage\",\"@id\":\"https:\/\/www.salvemsabadia.com\/estatutos-de-la-asociacion-salvem-sa-badia-de-portmany\/\",\"url\":\"https:\/\/www.salvemsabadia.com\/estatutos-de-la-asociacion-salvem-sa-badia-de-portmany\/\",\"name\":\"Estatutos de la asociaci\u00f3n Salvem Sa Badia de Portmany - Salvem Sa Badia de Portmany\",\"isPartOf\":{\"@id\":\"https:\/\/www.salvemsabadia.com\/#website\"},\"datePublished\":\"2022-07-26T12:10:44+00:00\",\"breadcrumb\":{\"@id\":\"https:\/\/www.salvemsabadia.com\/estatutos-de-la-asociacion-salvem-sa-badia-de-portmany\/#breadcrumb\"},\"inLanguage\":\"es\",\"potentialAction\":[{\"@type\":\"ReadAction\",\"target\":[\"https:\/\/www.salvemsabadia.com\/estatutos-de-la-asociacion-salvem-sa-badia-de-portmany\/\"]}]},{\"@type\":\"BreadcrumbList\",\"@id\":\"https:\/\/www.salvemsabadia.com\/estatutos-de-la-asociacion-salvem-sa-badia-de-portmany\/#breadcrumb\",\"itemListElement\":[{\"@type\":\"ListItem\",\"position\":1,\"name\":\"Portada\",\"item\":\"https:\/\/www.salvemsabadia.com\/es\/\"},{\"@type\":\"ListItem\",\"position\":2,\"name\":\"Estatutos de la asociaci\u00f3n Salvem Sa Badia de Portmany\"}]},{\"@type\":\"WebSite\",\"@id\":\"https:\/\/www.salvemsabadia.com\/#website\",\"url\":\"https:\/\/www.salvemsabadia.com\/\",\"name\":\"Salvem Sa Badia de Portmany\",\"description\":\"\",\"publisher\":{\"@id\":\"https:\/\/www.salvemsabadia.com\/#organization\"},\"potentialAction\":[{\"@type\":\"SearchAction\",\"target\":{\"@type\":\"EntryPoint\",\"urlTemplate\":\"https:\/\/www.salvemsabadia.com\/?s={search_term_string}\"},\"query-input\":{\"@type\":\"PropertyValueSpecification\",\"valueRequired\":true,\"valueName\":\"search_term_string\"}}],\"inLanguage\":\"es\"},{\"@type\":\"Organization\",\"@id\":\"https:\/\/www.salvemsabadia.com\/#organization\",\"name\":\"Salvem Sa Badia de Portmany\",\"url\":\"https:\/\/www.salvemsabadia.com\/\",\"logo\":{\"@type\":\"ImageObject\",\"inLanguage\":\"es\",\"@id\":\"https:\/\/www.salvemsabadia.com\/#\/schema\/logo\/image\/\",\"url\":\"https:\/\/www.salvemsabadia.com\/wp-content\/uploads\/2020\/03\/logo.png\",\"contentUrl\":\"https:\/\/www.salvemsabadia.com\/wp-content\/uploads\/2020\/03\/logo.png\",\"width\":188,\"height\":151,\"caption\":\"Salvem Sa Badia de Portmany\"},\"image\":{\"@id\":\"https:\/\/www.salvemsabadia.com\/#\/schema\/logo\/image\/\"}}]}<\/script>\n<!-- \/ Yoast SEO plugin. -->","yoast_head_json":{"title":"Estatutos de la asociaci\u00f3n Salvem Sa Badia de Portmany - Salvem Sa Badia de Portmany","robots":{"index":"index","follow":"follow","max-snippet":"max-snippet:-1","max-image-preview":"max-image-preview:large","max-video-preview":"max-video-preview:-1"},"canonical":"https:\/\/www.salvemsabadia.com\/estatutos-de-la-asociacion-salvem-sa-badia-de-portmany\/","og_locale":"es_ES","og_type":"article","og_title":"Estatutos de la asociaci\u00f3n Salvem Sa Badia de Portmany - Salvem Sa Badia de Portmany","og_description":"[vc_row type=\u00bbin_container\u00bb full_screen_row_position=\u00bbmiddle\u00bb column_margin=\u00bbdefault\u00bb scene_position=\u00bbcenter\u00bb text_color=\u00bbdark\u00bb text_align=\u00bbleft\u00bb top_padding=\u00bb40&#8243; overlay_strength=\u00bb0.3&#8243; shape_divider_position=\u00bbbottom\u00bb bg_image_animation=\u00bbnone\u00bb shape_type=\u00bb\u00bb][vc_column column_padding=\u00bbno-extra-padding\u00bb column_padding_position=\u00bball\u00bb background_color_opacity=\u00bb1&#8243; background_hover_color_opacity=\u00bb1&#8243; column_link_target=\u00bb_self\u00bb column_shadow=\u00bbnone\u00bb column_border_radius=\u00bbnone\u00bb width=\u00bb1\/1&#8243; tablet_width_inherit=\u00bbdefault\u00bb tablet_text_alignment=\u00bbdefault\u00bb phone_text_alignment=\u00bbdefault\u00bb overlay_strength=\u00bb0.3&#8243; column_border_width=\u00bbnone\u00bb column_border_style=\u00bbsolid\u00bb bg_image_animation=\u00bbnone\u00bb][vc_custom_heading source=\u00bbpost_title\u00bb font_container=\u00bbtag:h1|font_size:40|text_align:left|line_height:2&#8243; use_theme_fonts=\u00bbyes\u00bb][\/vc_column][\/vc_row][vc_row...","og_url":"https:\/\/www.salvemsabadia.com\/estatutos-de-la-asociacion-salvem-sa-badia-de-portmany\/","og_site_name":"Salvem Sa Badia de Portmany","twitter_card":"summary_large_image","twitter_misc":{"Tiempo de lectura":"50 minutos"},"schema":{"@context":"https:\/\/schema.org","@graph":[{"@type":"WebPage","@id":"https:\/\/www.salvemsabadia.com\/estatutos-de-la-asociacion-salvem-sa-badia-de-portmany\/","url":"https:\/\/www.salvemsabadia.com\/estatutos-de-la-asociacion-salvem-sa-badia-de-portmany\/","name":"Estatutos de la asociaci\u00f3n Salvem Sa Badia de Portmany - Salvem Sa Badia de Portmany","isPartOf":{"@id":"https:\/\/www.salvemsabadia.com\/#website"},"datePublished":"2022-07-26T12:10:44+00:00","breadcrumb":{"@id":"https:\/\/www.salvemsabadia.com\/estatutos-de-la-asociacion-salvem-sa-badia-de-portmany\/#breadcrumb"},"inLanguage":"es","potentialAction":[{"@type":"ReadAction","target":["https:\/\/www.salvemsabadia.com\/estatutos-de-la-asociacion-salvem-sa-badia-de-portmany\/"]}]},{"@type":"BreadcrumbList","@id":"https:\/\/www.salvemsabadia.com\/estatutos-de-la-asociacion-salvem-sa-badia-de-portmany\/#breadcrumb","itemListElement":[{"@type":"ListItem","position":1,"name":"Portada","item":"https:\/\/www.salvemsabadia.com\/es\/"},{"@type":"ListItem","position":2,"name":"Estatutos de la asociaci\u00f3n Salvem Sa Badia de Portmany"}]},{"@type":"WebSite","@id":"https:\/\/www.salvemsabadia.com\/#website","url":"https:\/\/www.salvemsabadia.com\/","name":"Salvem Sa Badia de Portmany","description":"","publisher":{"@id":"https:\/\/www.salvemsabadia.com\/#organization"},"potentialAction":[{"@type":"SearchAction","target":{"@type":"EntryPoint","urlTemplate":"https:\/\/www.salvemsabadia.com\/?s={search_term_string}"},"query-input":{"@type":"PropertyValueSpecification","valueRequired":true,"valueName":"search_term_string"}}],"inLanguage":"es"},{"@type":"Organization","@id":"https:\/\/www.salvemsabadia.com\/#organization","name":"Salvem Sa Badia de Portmany","url":"https:\/\/www.salvemsabadia.com\/","logo":{"@type":"ImageObject","inLanguage":"es","@id":"https:\/\/www.salvemsabadia.com\/#\/schema\/logo\/image\/","url":"https:\/\/www.salvemsabadia.com\/wp-content\/uploads\/2020\/03\/logo.png","contentUrl":"https:\/\/www.salvemsabadia.com\/wp-content\/uploads\/2020\/03\/logo.png","width":188,"height":151,"caption":"Salvem Sa Badia de Portmany"},"image":{"@id":"https:\/\/www.salvemsabadia.com\/#\/schema\/logo\/image\/"}}]}},"campaignId":"","_links":{"self":[{"href":"https:\/\/www.salvemsabadia.com\/es\/wp-json\/wp\/v2\/pages\/4021","targetHints":{"allow":["GET"]}}],"collection":[{"href":"https:\/\/www.salvemsabadia.com\/es\/wp-json\/wp\/v2\/pages"}],"about":[{"href":"https:\/\/www.salvemsabadia.com\/es\/wp-json\/wp\/v2\/types\/page"}],"author":[{"embeddable":true,"href":"https:\/\/www.salvemsabadia.com\/es\/wp-json\/wp\/v2\/users\/1"}],"replies":[{"embeddable":true,"href":"https:\/\/www.salvemsabadia.com\/es\/wp-json\/wp\/v2\/comments?post=4021"}],"version-history":[{"count":0,"href":"https:\/\/www.salvemsabadia.com\/es\/wp-json\/wp\/v2\/pages\/4021\/revisions"}],"wp:attachment":[{"href":"https:\/\/www.salvemsabadia.com\/es\/wp-json\/wp\/v2\/media?parent=4021"}],"curies":[{"name":"wp","href":"https:\/\/api.w.org\/{rel}","templated":true}]}}